{"id":586,"date":"2023-11-21T15:01:00","date_gmt":"2023-11-21T14:01:00","guid":{"rendered":"https:\/\/www.granfoda.it\/lage\/"},"modified":"2026-03-05T15:08:48","modified_gmt":"2026-03-05T14:08:48","slug":"urlaub-am-kronplatz-suedtirol-dolomiten","status":"publish","type":"page","link":"https:\/\/www.granfoda.it\/de\/urlaub-am-kronplatz-suedtirol-dolomiten\/","title":{"rendered":"Lage"},"content":{"rendered":"<div class=\"wpb-content-wrapper\"><p>[vc_row full_width=&#8221;stretch_row&#8221; content_placement=&#8221;middle&#8221; css=&#8221;.vc_custom_1708594018492{padding-top: 4em !important;padding-bottom: 4em !important;background-color: #e66f35 !important;background-position: center !important;background-repeat: no-repeat !important;background-size: cover !important;}&#8221;][vc_column css_animation=&#8221;left-to-right&#8221; width=&#8221;5\/6&#8243; el_class=&#8221;order-lg-first order-last&#8221; offset=&#8221;vc_col-md-offset-0 vc_col-md-6 vc_col-xs-offset-1 vc_col-xs-10&#8243;]<h2 class=\"deco-title sinistra dark\">Fern und nah, deshalb so besonders<\/h2>[vc_column_text]Es stimmt, wir k\u00f6nnen weit weg von allem und jedem erscheinen. Das ist eine bewusste Entscheidung, denn so f\u00e4llt es uns leichter, dem Gesang der Natur zu lauschen. Aber es ist auch wahr, dass wir in der N\u00e4he von allem sind, was Sie sich w\u00fcnschen. Unser Hotel <strong>liegt direkt an den Skipisten<\/strong> des <strong>Kronplatzes<\/strong> mit seinen <strong>31 Skiliften und \u00fcber 119 Pistenkilometern<\/strong> f\u00fcr jeden Schwierigkeitsgrad. Nicht zu vergessen, dass sich auf dem Gipfel das <strong>MMM-Bergmuseum<\/strong> des gro\u00dfen Bergsteigers <strong>Reinhold Messner<\/strong> befindet, und ganz in der N\u00e4he liegen <strong>San Viglio di Marebbe<\/strong>, der Furcia-Pass, <strong>Bruneck<\/strong> mit seiner Einkaufsstra\u00dfe und die angrenzenden T\u00e4ler &#8211; hohe Berge, die es zu entdecken gilt. Und wer den Verlockungen des Hotspots nicht widerstehen kann, der kann den <strong>Pragser Wildsee<\/strong> besuchen. <strong>Gran Fod\u00e0<\/strong>, das gro\u00dfe Gl\u00fcck![\/vc_column_text]<div class=\"button-wrapper sinistra\"><a class=\"btn btn-default inverted\"  href=\"https:\/\/www.simplebooking.it\/ibe\/search?hid=9416&lang=IT\" target=\"_blank\" title=\"Ein Zimmer buchen\">Kommen Sie und finden Sie es heraus<\/a><\/div>[\/vc_column][vc_column css_animation=&#8221;right-to-left&#8221; el_class=&#8221;order-lg-last order-first p-0&#8243; offset=&#8221;vc_col-md-6&#8243;]<div id=\"carousel-69f5620d3a206\" class=\"carousel slide carousel-fade aspect-image\" data-delta=\"1.7777777777778\" data-bs-ride=\"carousel\" style=\"aspect-ratio:16 \/ 9;\">\n\t\t\t\t\t\t\n\t\t\t\t\t\t<div class=\"carousel-indicators\">\n\t\t\t\t\t\t\t<button type=\"button\" data-bs-target=\"#carousel-69f5620d3a206\" data-bs-slide-to=\"0\" class=\"active\" aria-current=\"true\" aria-label=\"Slide 1\"><\/button>\n<button type=\"button\" data-bs-target=\"#carousel-69f5620d3a206\" data-bs-slide-to=\"1\"  aria-current=\"true\" aria-label=\"Slide 2\"><\/button>\n<button type=\"button\" data-bs-target=\"#carousel-69f5620d3a206\" data-bs-slide-to=\"2\"  aria-current=\"true\" aria-label=\"Slide 3\"><\/button>\n<button type=\"button\" data-bs-target=\"#carousel-69f5620d3a206\" data-bs-slide-to=\"3\"  aria-current=\"true\" aria-label=\"Slide 4\"><\/button>\n<button type=\"button\" data-bs-target=\"#carousel-69f5620d3a206\" data-bs-slide-to=\"4\"  aria-current=\"true\" aria-label=\"Slide 5\"><\/button>\n<button type=\"button\" data-bs-target=\"#carousel-69f5620d3a206\" data-bs-slide-to=\"5\"  aria-current=\"true\" aria-label=\"Slide 6\"><\/button>\n\t\t\t\t\t\t<\/div>\n\t\t\t\t\t\t\n\t\t\t\t\t\t<div class=\"carousel-inner\">\n\t\t\t\t\t\t\t<div class=\"carousel-item active\">\n\t\t\t\t\t\t<div class=\"slide slide-0 lightbox\" style=\"background-image:url('https:\/\/www.granfoda.it\/wp-content\/uploads\/2023\/11\/gran-foda-hotel-trentino-paesaggio-2.jpg')\" data-url=\"https:\/\/www.granfoda.it\/wp-content\/uploads\/2023\/11\/gran-foda-hotel-trentino-paesaggio-2.jpg\" data-width=\"972\" data-height=\"663\">\n\t\t\t\t\t\t\t<img loading=\"lazy\" decoding=\"async\" width=\"972\" height=\"663\" src=\"https:\/\/www.granfoda.it\/wp-content\/uploads\/2023\/11\/gran-foda-hotel-trentino-paesaggio-2.jpg\" class=\"attachment-large size-large\" alt=\"Alpine Hotel Gran Fod\u00e0 -Estate, pascoli, dolomiti, alpi\" srcset=\"https:\/\/www.granfoda.it\/wp-content\/uploads\/2023\/11\/gran-foda-hotel-trentino-paesaggio-2.jpg 972w, https:\/\/www.granfoda.it\/wp-content\/uploads\/2023\/11\/gran-foda-hotel-trentino-paesaggio-2-300x205.jpg 300w, https:\/\/www.granfoda.it\/wp-content\/uploads\/2023\/11\/gran-foda-hotel-trentino-paesaggio-2-768x524.jpg 768w\" sizes=\"auto, (max-width: 972px) 100vw, 972px\" \/>\n\t\t\t\t\t\t<\/div>\n\t\t\t\t\t<\/div>\n<div class=\"carousel-item\">\n\t\t\t\t\t\t<div class=\"slide slide-1 lightbox\" style=\"background-image:url('https:\/\/www.granfoda.it\/wp-content\/uploads\/2023\/11\/gran-foda-hotel-trentino-paesaggio-3.jpg')\" data-url=\"https:\/\/www.granfoda.it\/wp-content\/uploads\/2023\/11\/gran-foda-hotel-trentino-paesaggio-3.jpg\" data-width=\"768\" data-height=\"510\">\n\t\t\t\t\t\t\t<img loading=\"lazy\" decoding=\"async\" width=\"768\" height=\"510\" src=\"https:\/\/www.granfoda.it\/wp-content\/uploads\/2023\/11\/gran-foda-hotel-trentino-paesaggio-3.jpg\" class=\"attachment-large size-large\" alt=\"Alpine Hotel Gran Fod\u00e0 - Inverno, Trentino, Alto Adige, Dolomiti, Alpi\" srcset=\"https:\/\/www.granfoda.it\/wp-content\/uploads\/2023\/11\/gran-foda-hotel-trentino-paesaggio-3.jpg 768w, https:\/\/www.granfoda.it\/wp-content\/uploads\/2023\/11\/gran-foda-hotel-trentino-paesaggio-3-300x199.jpg 300w\" sizes=\"auto, (max-width: 768px) 100vw, 768px\" \/>\n\t\t\t\t\t\t<\/div>\n\t\t\t\t\t<\/div>\n<div class=\"carousel-item\">\n\t\t\t\t\t\t<div class=\"slide slide-2 lightbox\" style=\"background-image:url('https:\/\/www.granfoda.it\/wp-content\/uploads\/2023\/11\/gran-foda-hotel-trentino-paesaggio-7.jpg')\" data-url=\"https:\/\/www.granfoda.it\/wp-content\/uploads\/2023\/11\/gran-foda-hotel-trentino-paesaggio-7.jpg\" data-width=\"960\" data-height=\"653\">\n\t\t\t\t\t\t\t<img loading=\"lazy\" decoding=\"async\" width=\"960\" height=\"653\" src=\"https:\/\/www.granfoda.it\/wp-content\/uploads\/2023\/11\/gran-foda-hotel-trentino-paesaggio-7.jpg\" class=\"attachment-large size-large\" alt=\"Ciastel de tor, San Martino in Badia, Alto Adige\" srcset=\"https:\/\/www.granfoda.it\/wp-content\/uploads\/2023\/11\/gran-foda-hotel-trentino-paesaggio-7.jpg 960w, https:\/\/www.granfoda.it\/wp-content\/uploads\/2023\/11\/gran-foda-hotel-trentino-paesaggio-7-300x204.jpg 300w, https:\/\/www.granfoda.it\/wp-content\/uploads\/2023\/11\/gran-foda-hotel-trentino-paesaggio-7-768x522.jpg 768w\" sizes=\"auto, (max-width: 960px) 100vw, 960px\" \/>\n\t\t\t\t\t\t<\/div>\n\t\t\t\t\t<\/div>\n<div class=\"carousel-item\">\n\t\t\t\t\t\t<div class=\"slide slide-3 lightbox\" style=\"background-image:url('')\" data-url=\"\" data-width=\"\" data-height=\"\">\n\t\t\t\t\t\t\t\n\t\t\t\t\t\t<\/div>\n\t\t\t\t\t<\/div>\n<div class=\"carousel-item\">\n\t\t\t\t\t\t<div class=\"slide slide-4 lightbox\" style=\"background-image:url('https:\/\/www.granfoda.it\/wp-content\/uploads\/2023\/11\/gran-foda-hotel-trentino-paesaggio-5.jpg')\" data-url=\"https:\/\/www.granfoda.it\/wp-content\/uploads\/2023\/11\/gran-foda-hotel-trentino-paesaggio-5.jpg\" data-width=\"960\" data-height=\"633\">\n\t\t\t\t\t\t\t<img loading=\"lazy\" decoding=\"async\" width=\"960\" height=\"633\" src=\"https:\/\/www.granfoda.it\/wp-content\/uploads\/2023\/11\/gran-foda-hotel-trentino-paesaggio-5.jpg\" class=\"attachment-large size-large\" alt=\"Alpine Hotel Gran Fod\u00e0 -Tramonto, Trentino, Alto Adige, Dolomiti, Alpi, Lago di Braies\" srcset=\"https:\/\/www.granfoda.it\/wp-content\/uploads\/2023\/11\/gran-foda-hotel-trentino-paesaggio-5.jpg 960w, https:\/\/www.granfoda.it\/wp-content\/uploads\/2023\/11\/gran-foda-hotel-trentino-paesaggio-5-300x198.jpg 300w, https:\/\/www.granfoda.it\/wp-content\/uploads\/2023\/11\/gran-foda-hotel-trentino-paesaggio-5-768x506.jpg 768w\" sizes=\"auto, (max-width: 960px) 100vw, 960px\" \/>\n\t\t\t\t\t\t<\/div>\n\t\t\t\t\t<\/div>\n<div class=\"carousel-item\">\n\t\t\t\t\t\t<div class=\"slide slide-5 lightbox\" style=\"background-image:url('https:\/\/www.granfoda.it\/wp-content\/uploads\/2023\/11\/gran-foda-hotel-trentino-paesaggio-6.jpg')\" data-url=\"https:\/\/www.granfoda.it\/wp-content\/uploads\/2023\/11\/gran-foda-hotel-trentino-paesaggio-6.jpg\" data-width=\"960\" data-height=\"643\">\n\t\t\t\t\t\t\t<img loading=\"lazy\" decoding=\"async\" width=\"960\" height=\"643\" src=\"https:\/\/www.granfoda.it\/wp-content\/uploads\/2023\/11\/gran-foda-hotel-trentino-paesaggio-6.jpg\" class=\"attachment-large size-large\" alt=\"Alpine Hotel Gran Fod\u00e0 -Tramonto, Trentino, Alto Adige, Dolomiti, Alpi\" srcset=\"https:\/\/www.granfoda.it\/wp-content\/uploads\/2023\/11\/gran-foda-hotel-trentino-paesaggio-6.jpg 960w, https:\/\/www.granfoda.it\/wp-content\/uploads\/2023\/11\/gran-foda-hotel-trentino-paesaggio-6-300x201.jpg 300w, https:\/\/www.granfoda.it\/wp-content\/uploads\/2023\/11\/gran-foda-hotel-trentino-paesaggio-6-768x514.jpg 768w\" sizes=\"auto, (max-width: 960px) 100vw, 960px\" \/>\n\t\t\t\t\t\t<\/div>\n\t\t\t\t\t<\/div>\n\t\t\t\t\t\t<\/div>\n\t\t\t\t\t\t\n\t\t\t\t\t<\/div>[\/vc_column][\/vc_row][vc_row content_placement=&#8221;middle&#8221; css=&#8221;.vc_custom_1708593619138{padding-top: 4em !important;padding-bottom: 6em !important;}&#8221;][vc_column width=&#8221;1\/2&#8243;]<div title=\"Alpine Hotel Gran Fod\u00e0 -Tramonto, Trentino, Alto Adige, Dolomiti, Alpi, Lago di Braies\" class=\"image-wrapper shadow\">\n\t\t\t\t<figure class=\"aspect-image\" data-delta=\"1.6\" style=\"background-image:url('https:\/\/www.granfoda.it\/wp-content\/uploads\/2023\/11\/gran-foda-hotel-trentino-paesaggio-5.jpg'); aspect-ratio: 16 \/ 10; \" >\n\t\t\t\t\t<img loading=\"lazy\" decoding=\"async\" width=\"960\" height=\"633\" src=\"https:\/\/www.granfoda.it\/wp-content\/uploads\/2023\/11\/gran-foda-hotel-trentino-paesaggio-5.jpg\" class=\"attachment-large size-large\" alt=\"Alpine Hotel Gran Fod\u00e0 -Tramonto, Trentino, Alto Adige, Dolomiti, Alpi, Lago di Braies\" srcset=\"https:\/\/www.granfoda.it\/wp-content\/uploads\/2023\/11\/gran-foda-hotel-trentino-paesaggio-5.jpg 960w, https:\/\/www.granfoda.it\/wp-content\/uploads\/2023\/11\/gran-foda-hotel-trentino-paesaggio-5-300x198.jpg 300w, https:\/\/www.granfoda.it\/wp-content\/uploads\/2023\/11\/gran-foda-hotel-trentino-paesaggio-5-768x506.jpg 768w\" sizes=\"auto, (max-width: 960px) 100vw, 960px\" \/> \n\t\t\t\t\t \n\t\t\t\t<\/figure>\n\t\t\t<\/div>[\/vc_column][vc_column width=&#8221;1\/3&#8243; offset=&#8221;vc_col-sm-offset-1&#8243;]<h3 class=\"deco-title sinistra\">M\u00f6chten Sie mehr erfahren?<\/h3>\n<div class=\"wpcf7 no-js\" id=\"wpcf7-f602-o1\" lang=\"de-DE\" dir=\"ltr\" data-wpcf7-id=\"602\">\n<div class=\"screen-reader-response\"><p role=\"status\" aria-live=\"polite\" aria-atomic=\"true\"><\/p> <ul><\/ul><\/div>\n<form action=\"\/de\/wp-json\/wp\/v2\/pages\/586#wpcf7-f602-o1\" method=\"post\" class=\"wpcf7-form init\" aria-label=\"Kontaktformular\" novalidate=\"novalidate\" data-status=\"init\">\n<fieldset class=\"hidden-fields-container\"><input type=\"hidden\" name=\"_wpcf7\" value=\"602\" \/><input type=\"hidden\" name=\"_wpcf7_version\" value=\"6.1.5\" \/><input type=\"hidden\" name=\"_wpcf7_locale\" value=\"de_DE\" \/><input type=\"hidden\" name=\"_wpcf7_unit_tag\" value=\"wpcf7-f602-o1\" \/><input type=\"hidden\" name=\"_wpcf7_container_post\" value=\"0\" \/><input type=\"hidden\" name=\"_wpcf7_posted_data_hash\" value=\"\" \/><input type=\"hidden\" name=\"_wpcf7_recaptcha_response\" value=\"\" \/>\n<\/fieldset>\n<div class=\"row\">\n\t<div class=\"col-md-6\">\n\t\t<div class=\"mb-2\">\n\t\t\t<label for=\"cnome\" class=\"form-label\">Vorname<sup title=\"erforderlich\">*<\/sup><\/label>\n\t\t\t<span class=\"wpcf7-form-control-wrap\" data-name=\"nome\"><input size=\"40\" maxlength=\"400\" class=\"wpcf7-form-control wpcf7-text wpcf7-validates-as-required form-control form-control-sm\" id=\"cnome\" aria-required=\"true\" aria-invalid=\"false\" value=\"\" type=\"text\" name=\"nome\" \/><\/span>\n\t\t<\/div>\n\t<\/div>\n\t<div class=\"col-md-6\">\n\t\t<div class=\"mb-2\">\n\t\t\t<label for=\"ccognome\" class=\"form-label\">Nachname<sup title=\"erforderlich\">*<\/sup><\/label>\n\t\t\t<span class=\"wpcf7-form-control-wrap\" data-name=\"cognome\"><input size=\"40\" maxlength=\"400\" class=\"wpcf7-form-control wpcf7-text wpcf7-validates-as-required form-control form-control-sm\" id=\"ccognome\" aria-required=\"true\" aria-invalid=\"false\" value=\"\" type=\"text\" name=\"cognome\" \/><\/span>\n\t\t<\/div>\n\t<\/div>\n<\/div>\n<div class=\"row\">\n\t<div class=\"col-12\">\n\t\t<div class=\"mb-2\">\n\t\t\t<label for=\"cemail\" class=\"form-label\">Email<sup title=\"erforderlich\">*<\/sup><\/label>\n\t\t\t<span class=\"wpcf7-form-control-wrap\" data-name=\"email\"><input size=\"40\" maxlength=\"400\" class=\"wpcf7-form-control wpcf7-email wpcf7-validates-as-required wpcf7-text wpcf7-validates-as-email form-control form-control-sm\" id=\"cemail\" aria-required=\"true\" aria-invalid=\"false\" value=\"\" type=\"email\" name=\"email\" \/><\/span>\n\t\t<\/div>\n\t<\/div>\n<\/div>\n<div class=\"row\">\n\t<div class=\"col-12\">\n\t\t<label for=\"cmessaggio\" class=\"form-label\">Nachricht<\/label>\n\t\t<span class=\"wpcf7-form-control-wrap\" data-name=\"messaggio\"><textarea cols=\"40\" rows=\"10\" maxlength=\"2000\" class=\"wpcf7-form-control wpcf7-textarea wpcf7-validates-as-required form-control form-control-sm\" id=\"cmessaggio\" aria-required=\"true\" aria-invalid=\"false\" name=\"messaggio\"><\/textarea><\/span>\n\t<\/div>\n<\/div>\n<div class=\"row\">\n\t<div class=\"col-12\">\n\t\t<div class=\"form-check mb-2\">\n\t\t\t<span class=\"wpcf7-form-control-wrap\" data-name=\"newsletter\"><span class=\"wpcf7-form-control wpcf7-acceptance optional\"><span class=\"wpcf7-list-item\"><input type=\"checkbox\" name=\"newsletter\" value=\"1\" class=\"form-check-input\" id=\"cnewsletter\" aria-invalid=\"false\" \/><\/span><\/span><\/span> <label class=\"form-check-label\" for=\"cnewsletter\">Ich m\u00f6chte \u00fcber Ihre Neuigkeiten auf dem Laufenden bleiben<\/label>\n\t\t<\/div>\n\t\t<div class=\"form-check mb-2\" privacy=\"\" id:cprivacy=\"\" class:form-check-input=\"\" original=\"PGxhYmVsIGNsYXNzPSJmb3JtLWNoZWNrLWxhYmVsIiBmb3I9ImNwcml2YWN5 Ij4=\"><\/div>Ich erkl\u00e4re, dass ich die <a href=\"\/privacy-policy\" target=\"_blank\">Datenschutzerkl\u00e4run<\/a>g gelesen habe und mit der Verarbeitung meiner personenbezogenen Daten einverstanden bin.<\/label>\n\t\t<\/div>\n\t\t<div class=\"mb-2\">\n\t\t\t<input class=\"wpcf7-form-control wpcf7-submit has-spinner btn btn-success\" type=\"submit\" value=\"Senden\" \/>\n\t\t<\/div>\n\t<\/div>\n<\/div><div class=\"wpcf7-response-output\" aria-hidden=\"true\"><\/div>\n<\/form>\n<\/div>\n[\/vc_column][\/vc_row]<\/p>\n<\/div>","protected":false},"excerpt":{"rendered":"<p>Wir sind in einer beneidenswerten Lage! Direkt an den Skipisten des Kronplatzgebiets, mitten im Dolomitengebiet.<\/p>\n","protected":false},"author":1,"featured_media":464,"parent":0,"menu_order":0,"comment_status":"closed","ping_status":"closed","template":"","meta":{"_acf_changed":false,"rs_blank_template":"","rs_page_bg_color":"","slide_template_v7":"","footnotes":""},"class_list":["post-586","page","type-page","status-publish","has-post-thumbnail","hentry"],"acf":[],"yoast_head":"<!-- This site is optimized with the Yoast SEO plugin v27.5 - https:\/\/yoast.com\/product\/yoast-seo-wordpress\/ -->\n<title>Anreise zum Kronplatz | Hotel Gran Fod\u00e0<\/title>\n<meta name=\"description\" content=\"Das Bio Alpine Hotel Gran Fod\u00e0 liegt am Fu\u00dfe des Kronplatz und bietet die ideale Lage zum Skifahren und Erkunden von S\u00fcdtirol.\" \/>\n<meta name=\"robots\" content=\"index, follow, max-snippet:-1, max-image-preview:large, max-video-preview:-1\" \/>\n<link rel=\"canonical\" href=\"https:\/\/www.granfoda.it\/de\/urlaub-am-kronplatz-suedtirol-dolomiten\/\" \/>\n<meta property=\"og:locale\" content=\"de_DE\" \/>\n<meta property=\"og:type\" content=\"article\" \/>\n<meta property=\"og:title\" content=\"Anreise zum Kronplatz | Hotel Gran Fod\u00e0\" \/>\n<meta property=\"og:description\" content=\"Das Bio Alpine Hotel Gran Fod\u00e0 liegt am Fu\u00dfe des Kronplatz und bietet die ideale Lage zum Skifahren und Erkunden von S\u00fcdtirol.\" \/>\n<meta property=\"og:url\" content=\"https:\/\/www.granfoda.it\/de\/urlaub-am-kronplatz-suedtirol-dolomiten\/\" \/>\n<meta property=\"og:site_name\" content=\"Bio Alpine Hotel Gran Fod\u00e0\" \/>\n<meta property=\"article:publisher\" content=\"https:\/\/www.facebook.com\/HotelGranFoda\" \/>\n<meta property=\"article:modified_time\" content=\"2026-03-05T14:08:48+00:00\" \/>\n<meta property=\"og:image\" content=\"https:\/\/www.granfoda.it\/wp-content\/uploads\/2024\/02\/Gran-Foda-Gennaio-2024-65.jpg\" \/>\n\t<meta property=\"og:image:width\" content=\"1200\" \/>\n\t<meta property=\"og:image:height\" content=\"800\" \/>\n\t<meta property=\"og:image:type\" content=\"image\/jpeg\" \/>\n<meta name=\"twitter:card\" content=\"summary_large_image\" \/>\n<meta name=\"twitter:label1\" content=\"Gesch\u00e4tzte Lesezeit\" \/>\n\t<meta name=\"twitter:data1\" content=\"2\u00a0Minuten\" \/>\n<!-- \/ Yoast SEO plugin. -->","yoast_head_json":{"title":"Anreise zum Kronplatz | Hotel Gran Fod\u00e0","description":"Das Bio Alpine Hotel Gran Fod\u00e0 liegt am Fu\u00dfe des Kronplatz und bietet die ideale Lage zum Skifahren und Erkunden von S\u00fcdtirol.","robots":{"index":"index","follow":"follow","max-snippet":"max-snippet:-1","max-image-preview":"max-image-preview:large","max-video-preview":"max-video-preview:-1"},"canonical":"https:\/\/www.granfoda.it\/de\/urlaub-am-kronplatz-suedtirol-dolomiten\/","og_locale":"de_DE","og_type":"article","og_title":"Anreise zum Kronplatz | Hotel Gran Fod\u00e0","og_description":"Das Bio Alpine Hotel Gran Fod\u00e0 liegt am Fu\u00dfe des Kronplatz und bietet die ideale Lage zum Skifahren und Erkunden von S\u00fcdtirol.","og_url":"https:\/\/www.granfoda.it\/de\/urlaub-am-kronplatz-suedtirol-dolomiten\/","og_site_name":"Bio Alpine Hotel Gran Fod\u00e0","article_publisher":"https:\/\/www.facebook.com\/HotelGranFoda","article_modified_time":"2026-03-05T14:08:48+00:00","og_image":[{"width":1200,"height":800,"url":"https:\/\/www.granfoda.it\/wp-content\/uploads\/2024\/02\/Gran-Foda-Gennaio-2024-65.jpg","type":"image\/jpeg"}],"twitter_card":"summary_large_image","twitter_misc":{"Gesch\u00e4tzte Lesezeit":"2\u00a0Minuten"},"schema":{"@context":"https:\/\/schema.org","@graph":[{"@type":"WebPage","@id":"https:\/\/www.granfoda.it\/de\/urlaub-am-kronplatz-suedtirol-dolomiten\/","url":"https:\/\/www.granfoda.it\/de\/urlaub-am-kronplatz-suedtirol-dolomiten\/","name":"Anreise zum Kronplatz | Hotel Gran Fod\u00e0","isPartOf":{"@id":"https:\/\/www.granfoda.it\/de\/#website"},"primaryImageOfPage":{"@id":"https:\/\/www.granfoda.it\/de\/urlaub-am-kronplatz-suedtirol-dolomiten\/#primaryimage"},"image":{"@id":"https:\/\/www.granfoda.it\/de\/urlaub-am-kronplatz-suedtirol-dolomiten\/#primaryimage"},"thumbnailUrl":"https:\/\/www.granfoda.it\/wp-content\/uploads\/2024\/02\/Gran-Foda-Gennaio-2024-65.jpg","datePublished":"2023-11-21T14:01:00+00:00","dateModified":"2026-03-05T14:08:48+00:00","description":"Das Bio Alpine Hotel Gran Fod\u00e0 liegt am Fu\u00dfe des Kronplatz und bietet die ideale Lage zum Skifahren und Erkunden von S\u00fcdtirol.","breadcrumb":{"@id":"https:\/\/www.granfoda.it\/de\/urlaub-am-kronplatz-suedtirol-dolomiten\/#breadcrumb"},"inLanguage":"de","potentialAction":[{"@type":"ReadAction","target":["https:\/\/www.granfoda.it\/de\/urlaub-am-kronplatz-suedtirol-dolomiten\/"]}]},{"@type":"ImageObject","inLanguage":"de","@id":"https:\/\/www.granfoda.it\/de\/urlaub-am-kronplatz-suedtirol-dolomiten\/#primaryimage","url":"https:\/\/www.granfoda.it\/wp-content\/uploads\/2024\/02\/Gran-Foda-Gennaio-2024-65.jpg","contentUrl":"https:\/\/www.granfoda.it\/wp-content\/uploads\/2024\/02\/Gran-Foda-Gennaio-2024-65.jpg","width":1200,"height":800,"caption":"Alpine Hotel Gran Fod\u00e0 - Vista gennaio 2024 Dolomiti, Plan de Corones, San Virgilio di Marebbe"},{"@type":"BreadcrumbList","@id":"https:\/\/www.granfoda.it\/de\/urlaub-am-kronplatz-suedtirol-dolomiten\/#breadcrumb","itemListElement":[{"@type":"ListItem","position":1,"name":"Home","item":"https:\/\/www.granfoda.it\/de\/"},{"@type":"ListItem","position":2,"name":"Lage"}]},{"@type":"WebSite","@id":"https:\/\/www.granfoda.it\/de\/#website","url":"https:\/\/www.granfoda.it\/de\/","name":"Alpine Hotel Gran Fod\u00e0","description":"La nostra casa ski in ski out a Plan de Corones","publisher":{"@id":"https:\/\/www.granfoda.it\/de\/#organization"},"alternateName":"Alpine Hotel Gran Fod\u00e0","potentialAction":[{"@type":"SearchAction","target":{"@type":"EntryPoint","urlTemplate":"https:\/\/www.granfoda.it\/de\/?s={search_term_string}"},"query-input":{"@type":"PropertyValueSpecification","valueRequired":true,"valueName":"search_term_string"}}],"inLanguage":"de"},{"@type":"Organization","@id":"https:\/\/www.granfoda.it\/de\/#organization","name":"Alpine Hotel Gran Fod\u00e0","url":"https:\/\/www.granfoda.it\/de\/","logo":{"@type":"ImageObject","inLanguage":"de","@id":"https:\/\/www.granfoda.it\/de\/#\/schema\/logo\/image\/","url":"https:\/\/www.granfoda.it\/wp-content\/uploads\/2024\/02\/alpine-hotel-gran-foda-logo-square.jpg","contentUrl":"https:\/\/www.granfoda.it\/wp-content\/uploads\/2024\/02\/alpine-hotel-gran-foda-logo-square.jpg","width":550,"height":550,"caption":"Alpine Hotel Gran Fod\u00e0"},"image":{"@id":"https:\/\/www.granfoda.it\/de\/#\/schema\/logo\/image\/"},"sameAs":["https:\/\/www.facebook.com\/HotelGranFoda","https:\/\/www.instagram.com\/alpinehotelgranfoda\/","https:\/\/www.youtube.com\/@GranFodaIta"]}]}},"_links":{"self":[{"href":"https:\/\/www.granfoda.it\/de\/wp-json\/wp\/v2\/pages\/586","targetHints":{"allow":["GET"]}}],"collection":[{"href":"https:\/\/www.granfoda.it\/de\/wp-json\/wp\/v2\/pages"}],"about":[{"href":"https:\/\/www.granfoda.it\/de\/wp-json\/wp\/v2\/types\/page"}],"author":[{"embeddable":true,"href":"https:\/\/www.granfoda.it\/de\/wp-json\/wp\/v2\/users\/1"}],"replies":[{"embeddable":true,"href":"https:\/\/www.granfoda.it\/de\/wp-json\/wp\/v2\/comments?post=586"}],"version-history":[{"count":3,"href":"https:\/\/www.granfoda.it\/de\/wp-json\/wp\/v2\/pages\/586\/revisions"}],"predecessor-version":[{"id":1980,"href":"https:\/\/www.granfoda.it\/de\/wp-json\/wp\/v2\/pages\/586\/revisions\/1980"}],"wp:featuredmedia":[{"embeddable":true,"href":"https:\/\/www.granfoda.it\/de\/wp-json\/wp\/v2\/media\/464"}],"wp:attachment":[{"href":"https:\/\/www.granfoda.it\/de\/wp-json\/wp\/v2\/media?parent=586"}],"curies":[{"name":"wp","href":"https:\/\/api.w.org\/{rel}","templated":true}]}}