{"id":4305,"date":"2025-04-08T17:04:04","date_gmt":"2025-04-08T15:04:04","guid":{"rendered":"https:\/\/web.granfoda.it\/nachhaltigkeit\/"},"modified":"2026-03-05T15:04:49","modified_gmt":"2026-03-05T14:04:49","slug":"nachhaltigkeit","status":"publish","type":"page","link":"https:\/\/www.granfoda.it\/de\/nachhaltigkeit\/","title":{"rendered":"Nachhaltigkeit"},"content":{"rendered":"<div class=\"wpb-content-wrapper\"><p>[vc_row full_width=&#8221;stretch_row&#8221; css=&#8221;.vc_custom_1744374645850{padding-top: 3em !important;padding-bottom: 3em !important;background-image: url(https:\/\/www.granfoda.it\/wp-content\/uploads\/2025\/03\/Sostenibilita_GF_04.jpg?id=3483) !important;background-position: center !important;background-repeat: no-repeat !important;background-size: cover !important;}&#8221;][vc_column width=&#8221;1\/4&#8243;][\/vc_column][vc_column width=&#8221;1\/2&#8243; css=&#8221;.vc_custom_1714401352626{margin-top: 4em !important;margin-bottom: 4em !important;padding-top: 3em !important;padding-right: 2em !important;padding-bottom: 3em !important;padding-left: 2em !important;background-color: #ffffff !important;}&#8221; el_class=&#8221;no-margin&#8221;]<h2 class=\"deco-title centro with-eylet mb-4\"><span class=\"deco-eylet\">Engagement f\u00fcr die Zukunft<\/span> Nachhaltigkeit<\/h2>[vc_column_text css=&#8221;&#8221;]<\/p>\n<p style=\"text-align: center;\">Im Gran Fod\u00e0 sind wir fest entschlossen, unseren <strong>\u00f6kologischen Fu\u00dfabdruck<\/strong> zu reduzieren und zu einer nachhaltigeren Zukunft beizutragen. Wir glauben, dass jeder kleine Schritt z\u00e4hlt, und setzen uns jeden Tag daf\u00fcr ein, uns zu verbessern und unseren Teil dazu beizutragen, die <strong>nat\u00fcrliche Sch\u00f6nheit<\/strong> um uns herum zu bewahren.<\/p>\n<p>[\/vc_column_text]<div class=\"button-wrapper centro\"><a class=\"btn btn-default inverted\"  href=\"https:\/\/www.simplebooking.it\/ibe\/search?hid=9416&lang=DE\" target=\"_blank\" title=\"Ein Zimmer buchen\">Nimm Platz<\/a><\/div>[\/vc_column][vc_column width=&#8221;1\/4&#8243;][\/vc_column][\/vc_row][vc_row gap=&#8221;25&#8243; equal_height=&#8221;yes&#8221;][vc_column css_animation=&#8221;bottom-to-top&#8221; width=&#8221;1\/2&#8243; el_class=&#8221;shadow-col delay200 p-4&#8243; css=&#8221;.vc_custom_1745415356101{background-color: #FFFFFF !important;border-radius: 4px !important;}&#8221;]<div title=\"sostenibilit\u00e0-gran-foda-albergo-plan-de-corones-2\" class=\"image-wrapper\">\n\t\t\t\t<figure class=\"aspect-image\" data-delta=\"1.7777777777778\" style=\"background-image:url('https:\/\/www.granfoda.it\/wp-content\/uploads\/2025\/04\/sostenibilita-gran-foda-albergo-plan-de-corones-2-e1745416248132-960x1024.jpg'); aspect-ratio: 16 \/ 9; \" >\n\t\t\t\t\t<img loading=\"lazy\" decoding=\"async\" width=\"960\" height=\"1024\" src=\"https:\/\/www.granfoda.it\/wp-content\/uploads\/2025\/04\/sostenibilita-gran-foda-albergo-plan-de-corones-2-e1745416248132-960x1024.jpg\" class=\"attachment-large size-large\" alt=\"\" srcset=\"https:\/\/www.granfoda.it\/wp-content\/uploads\/2025\/04\/sostenibilita-gran-foda-albergo-plan-de-corones-2-e1745416248132-960x1024.jpg 960w, https:\/\/www.granfoda.it\/wp-content\/uploads\/2025\/04\/sostenibilita-gran-foda-albergo-plan-de-corones-2-e1745416248132-281x300.jpg 281w, https:\/\/www.granfoda.it\/wp-content\/uploads\/2025\/04\/sostenibilita-gran-foda-albergo-plan-de-corones-2-e1745416248132-768x819.jpg 768w, https:\/\/www.granfoda.it\/wp-content\/uploads\/2025\/04\/sostenibilita-gran-foda-albergo-plan-de-corones-2-e1745416248132.jpg 1080w\" sizes=\"auto, (max-width: 960px) 100vw, 960px\" \/> \n\t\t\t\t\t \n\t\t\t\t<\/figure>\n\t\t\t<\/div><h4 class=\"deco-title centro with-eylet\"><span class=\"deco-eylet\">Nachhaltigkeit<\/span> Leisten Sie Ihren Beitrag<\/h4>[vc_column_text css=&#8221;&#8221;]<\/p>\n<p style=\"text-align: center;\">Jeder ist in unserem Haus willkommen, doch wir bitten darum, dass auch du die gleiche Sorgfalt und Aufmerksamkeit in das legst, was wir gemeinsam schaffen. Wir sind \u00fcberzeugt, dass wir nur dann eine wirkliche Ver\u00e4nderung bewirken k\u00f6nnen, wenn jeder von uns seinen Teil beitr\u00e4gt. Unsere Verantwortung beginnt im Alltag: bei der Wahl lokaler und saisonaler Lebensmittel, dem achtsamen Umgang mit Ressourcen und der Pflege jedes Details, das hilft, das Gleichgewicht zwischen Gastfreundschaft und Respekt vor der Natur zu wahren.<\/p>\n<p>[\/vc_column_text][\/vc_column][vc_column css_animation=&#8221;bottom-to-top&#8221; width=&#8221;1\/2&#8243; css=&#8221;.vc_custom_1745415379843{background-color: #FFFFFF !important;border-radius: 4px !important;}&#8221; el_class=&#8221;shadow-col delay400 p-4&#8243;]<div title=\"piatti_GF_05\" class=\"image-wrapper\">\n\t\t\t\t<figure class=\"aspect-image\" data-delta=\"1.7777777777778\" style=\"background-image:url('https:\/\/www.granfoda.it\/wp-content\/uploads\/2025\/03\/piatti_GF_05-768x1024.jpg'); aspect-ratio: 16 \/ 9; \" >\n\t\t\t\t\t<img loading=\"lazy\" decoding=\"async\" width=\"768\" height=\"1024\" src=\"https:\/\/www.granfoda.it\/wp-content\/uploads\/2025\/03\/piatti_GF_05-768x1024.jpg\" class=\"attachment-large size-large\" alt=\"\" srcset=\"https:\/\/www.granfoda.it\/wp-content\/uploads\/2025\/03\/piatti_GF_05-768x1024.jpg 768w, https:\/\/www.granfoda.it\/wp-content\/uploads\/2025\/03\/piatti_GF_05-225x300.jpg 225w, https:\/\/www.granfoda.it\/wp-content\/uploads\/2025\/03\/piatti_GF_05-1152x1536.jpg 1152w, https:\/\/www.granfoda.it\/wp-content\/uploads\/2025\/03\/piatti_GF_05.jpg 1440w\" sizes=\"auto, (max-width: 768px) 100vw, 768px\" \/> \n\t\t\t\t\t \n\t\t\t\t<\/figure>\n\t\t\t<\/div><h4 class=\"deco-title centro with-eylet\"><span class=\"deco-eylet\">Nachhaltigkeit<\/span> Nachhaltige K\u00fcche<\/h4>[vc_column_text css=&#8221;&#8221;]<\/p>\n<p style=\"text-align: center;\">Unsere K\u00fcche spiegelt unser Engagement f\u00fcr Nachhaltigkeit wider. Wir verfolgen eine Philosophie, die lokale, frische und saisonale Produkte in den Mittelpunkt stellt, um unseren \u00f6kologischen Fu\u00dfabdruck zu verringern und kleine lokale Betriebe zu unterst\u00fctzen.<\/p>\n<p style=\"text-align: center;\">Jedes Gericht, das wir zubereiten, wird nicht nur mit dem Ziel kreiert, den Gaumen zu erfreuen, sondern auch die Erde zu achten, die uns n\u00e4hrt.<\/p>\n<p>[\/vc_column_text][\/vc_column][\/vc_row][vc_row gap=&#8221;25&#8243; equal_height=&#8221;yes&#8221;][vc_column css_animation=&#8221;bottom-to-top&#8221; width=&#8221;1\/2&#8243; el_class=&#8221;shadow-col delay600 p-4&#8243; css=&#8221;.vc_custom_1745415383551{background-color: #FFFFFF !important;border-radius: 4px !important;}&#8221;]<div title=\"sostenibilit\u00e0-gran-foda-albergo-plan-de-corones-3\" class=\"image-wrapper\">\n\t\t\t\t<figure class=\"aspect-image\" data-delta=\"1.7777777777778\" style=\"background-image:url('https:\/\/www.granfoda.it\/wp-content\/uploads\/2025\/04\/sostenibilita-gran-foda-albergo-plan-de-corones-3-819x1024.jpg'); aspect-ratio: 16 \/ 9; \" >\n\t\t\t\t\t<img loading=\"lazy\" decoding=\"async\" width=\"819\" height=\"1024\" src=\"https:\/\/www.granfoda.it\/wp-content\/uploads\/2025\/04\/sostenibilita-gran-foda-albergo-plan-de-corones-3-819x1024.jpg\" class=\"attachment-large size-large\" alt=\"\" srcset=\"https:\/\/www.granfoda.it\/wp-content\/uploads\/2025\/04\/sostenibilita-gran-foda-albergo-plan-de-corones-3-819x1024.jpg 819w, https:\/\/www.granfoda.it\/wp-content\/uploads\/2025\/04\/sostenibilita-gran-foda-albergo-plan-de-corones-3-240x300.jpg 240w, https:\/\/www.granfoda.it\/wp-content\/uploads\/2025\/04\/sostenibilita-gran-foda-albergo-plan-de-corones-3-768x960.jpg 768w, https:\/\/www.granfoda.it\/wp-content\/uploads\/2025\/04\/sostenibilita-gran-foda-albergo-plan-de-corones-3.jpg 1080w\" sizes=\"auto, (max-width: 819px) 100vw, 819px\" \/> \n\t\t\t\t\t \n\t\t\t\t<\/figure>\n\t\t\t<\/div><h4 class=\"deco-title centro with-eylet\"><span class=\"deco-eylet\">Nachhaltigkeit<\/span> Respekt vor der Umwelt<\/h4>[vc_column_text css=&#8221;&#8221;]<\/p>\n<p style=\"text-align: center;\">Vom Moment unseres Erwachens an setzen wir uns daf\u00fcr ein, die uns umgebende Umwelt zu respektieren.<\/p>\n<p style=\"text-align: center;\">Sei es durch Recycling und Abfallvermeidung oder durch die Wahl umweltfreundlicher Materialien f\u00fcr unser Zuhause \u2013 wir tun unser Bestes, um unseren \u00f6kologischen Fu\u00dfabdruck zu minimieren und einen verantwortungsvollen Umgang mit der Nachhaltigkeit zu f\u00f6rdern.<\/p>\n<p>[\/vc_column_text][\/vc_column][vc_column css_animation=&#8221;bottom-to-top&#8221; width=&#8221;1\/2&#8243; css=&#8221;.vc_custom_1745415387154{background-color: #FFFFFF !important;border-radius: 4px !important;}&#8221; el_class=&#8221;shadow-col delay800 p-4&#8243;]<div title=\"sostenibilit\u00e0-gran-foda-albergo-plan-de-corones-5\" class=\"image-wrapper\">\n\t\t\t\t<figure class=\"aspect-image\" data-delta=\"1.7777777777778\" style=\"background-image:url('https:\/\/www.granfoda.it\/wp-content\/uploads\/2025\/04\/sostenibilita-gran-foda-albergo-plan-de-corones-5-1024x683.jpg'); aspect-ratio: 16 \/ 9; \" >\n\t\t\t\t\t<img loading=\"lazy\" decoding=\"async\" width=\"1024\" height=\"683\" src=\"https:\/\/www.granfoda.it\/wp-content\/uploads\/2025\/04\/sostenibilita-gran-foda-albergo-plan-de-corones-5-1024x683.jpg\" class=\"attachment-large size-large\" alt=\"\" srcset=\"https:\/\/www.granfoda.it\/wp-content\/uploads\/2025\/04\/sostenibilita-gran-foda-albergo-plan-de-corones-5-1024x683.jpg 1024w, https:\/\/www.granfoda.it\/wp-content\/uploads\/2025\/04\/sostenibilita-gran-foda-albergo-plan-de-corones-5-300x200.jpg 300w, https:\/\/www.granfoda.it\/wp-content\/uploads\/2025\/04\/sostenibilita-gran-foda-albergo-plan-de-corones-5-768x512.jpg 768w, https:\/\/www.granfoda.it\/wp-content\/uploads\/2025\/04\/sostenibilita-gran-foda-albergo-plan-de-corones-5-1536x1024.jpg 1536w, https:\/\/www.granfoda.it\/wp-content\/uploads\/2025\/04\/sostenibilita-gran-foda-albergo-plan-de-corones-5-2048x1365.jpg 2048w\" sizes=\"auto, (max-width: 1024px) 100vw, 1024px\" \/> \n\t\t\t\t\t \n\t\t\t\t<\/figure>\n\t\t\t<\/div><h4 class=\"deco-title centro with-eylet\"><span class=\"deco-eylet\">Nachhaltigkeit<\/span> Aufmerksamkeit f\u00fcr Details<\/h4>[vc_column_text css=&#8221;&#8221;]<\/p>\n<p style=\"text-align: center;\">Jede Handlung, jede Entscheidung ist darauf ausgerichtet, der Natur gerecht zu werden. Ob es darum geht, wie wir unsere R\u00e4ume pflegen, wie wir mit Wasser umgehen oder wie wir den Transport organisieren \u2013 wir m\u00f6chten, dass unser Engagement f\u00fcr Nachhaltigkeit in jedem Winkel des Gran Fod\u00e0 sp\u00fcrbar wird. Gemeinsam k\u00f6nnen wir eine gr\u00fcnere und bewusstere Zukunft gestalten.<\/p>\n<p style=\"text-align: center;\">Willkommen in unserem Zuhause, wo der Respekt vor der Umwelt ein Wert ist, den wir jeden Tag in jeder kleinen Geste leben.<\/p>\n<p>[\/vc_column_text][\/vc_column][\/vc_row]<\/p>\n<\/div>","protected":false},"excerpt":{"rendered":"<p>[vc_row full_width=&#8221;stretch_row&#8221; css=&#8221;.vc_custom_1744374645850{padding-top: 3em !important;padding-bottom: 3em !important;background-image: url(https:\/\/www.granfoda.it\/wp-content\/uploads\/2025\/03\/Sostenibilita_GF_04.jpg?id=3483) !important;background-position: center !important;background-repeat: no-repeat !important;background-size: cover !important;}&#8221;][vc_column width=&#8221;1\/4&#8243;][\/vc_column][vc_column width=&#8221;1\/2&#8243; css=&#8221;.vc_custom_1714401352626{margin-top: 4em !important;margin-bottom: 4em !important;padding-top: 3em !important;padding-right: 2em !important;padding-bottom: 3em !important;padding-left: 2em !important;background-color: #ffffff !important;}&#8221; el_class=&#8221;no-margin&#8221;][vc_column_text css=&#8221;&#8221;] Im Gran Fod\u00e0 sind wir fest entschlossen, unseren \u00f6kologischen Fu\u00dfabdruck zu reduzieren und zu einer nachhaltigeren Zukunft beizutragen. Wir glauben, dass [&hellip;]<\/p>\n","protected":false},"author":1,"featured_media":3485,"parent":0,"menu_order":0,"comment_status":"closed","ping_status":"closed","template":"","meta":{"_acf_changed":false,"rs_blank_template":"","rs_page_bg_color":"","slide_template_v7":"","footnotes":""},"class_list":["post-4305","page","type-page","status-publish","has-post-thumbnail","hentry"],"acf":[],"yoast_head":"<!-- This site is optimized with the Yoast SEO plugin v27.5 - https:\/\/yoast.com\/product\/yoast-seo-wordpress\/ -->\n<title>Nachhaltiger Urlaub in den Dolomiten | Bio Alpine Hotel Gran Fod\u00e0<\/title>\n<meta name=\"description\" content=\"Im Gran Fod\u00e0 sind wir fest entschlossen, unseren \u00f6kologischen Fu\u00dfabdruck zu reduzieren und einen umweltfreundlicheren Urlaub zu erm\u00f6glichen.| Bio Alpine Hotel Gran Fod\u00e0\" \/>\n<meta name=\"robots\" content=\"index, follow, max-snippet:-1, max-image-preview:large, max-video-preview:-1\" \/>\n<link rel=\"canonical\" href=\"https:\/\/www.granfoda.it\/de\/nachhaltigkeit\/\" \/>\n<meta property=\"og:locale\" content=\"de_DE\" \/>\n<meta property=\"og:type\" content=\"article\" \/>\n<meta property=\"og:title\" content=\"Nachhaltiger Urlaub in den Dolomiten | Bio Alpine Hotel Gran Fod\u00e0\" \/>\n<meta property=\"og:description\" content=\"Im Gran Fod\u00e0 sind wir fest entschlossen, unseren \u00f6kologischen Fu\u00dfabdruck zu reduzieren und einen umweltfreundlicheren Urlaub zu erm\u00f6glichen.| Bio Alpine Hotel Gran Fod\u00e0\" \/>\n<meta property=\"og:url\" content=\"https:\/\/www.granfoda.it\/de\/nachhaltigkeit\/\" \/>\n<meta property=\"og:site_name\" content=\"Bio Alpine Hotel Gran Fod\u00e0\" \/>\n<meta property=\"article:publisher\" content=\"https:\/\/www.facebook.com\/HotelGranFoda\" \/>\n<meta property=\"article:modified_time\" content=\"2026-03-05T14:04:49+00:00\" \/>\n<meta property=\"og:image\" content=\"https:\/\/www.granfoda.it\/wp-content\/uploads\/2025\/03\/Sostenibilita_GF_04.jpg\" \/>\n\t<meta property=\"og:image:width\" content=\"1920\" \/>\n\t<meta property=\"og:image:height\" content=\"1278\" \/>\n\t<meta property=\"og:image:type\" content=\"image\/jpeg\" \/>\n<meta name=\"twitter:card\" content=\"summary_large_image\" \/>\n<meta name=\"twitter:label1\" content=\"Gesch\u00e4tzte Lesezeit\" \/>\n\t<meta name=\"twitter:data1\" content=\"3\u00a0Minuten\" \/>\n<!-- \/ Yoast SEO plugin. -->","yoast_head_json":{"title":"Nachhaltiger Urlaub in den Dolomiten | Bio Alpine Hotel Gran Fod\u00e0","description":"Im Gran Fod\u00e0 sind wir fest entschlossen, unseren \u00f6kologischen Fu\u00dfabdruck zu reduzieren und einen umweltfreundlicheren Urlaub zu erm\u00f6glichen.| Bio Alpine Hotel Gran Fod\u00e0","robots":{"index":"index","follow":"follow","max-snippet":"max-snippet:-1","max-image-preview":"max-image-preview:large","max-video-preview":"max-video-preview:-1"},"canonical":"https:\/\/www.granfoda.it\/de\/nachhaltigkeit\/","og_locale":"de_DE","og_type":"article","og_title":"Nachhaltiger Urlaub in den Dolomiten | Bio Alpine Hotel Gran Fod\u00e0","og_description":"Im Gran Fod\u00e0 sind wir fest entschlossen, unseren \u00f6kologischen Fu\u00dfabdruck zu reduzieren und einen umweltfreundlicheren Urlaub zu erm\u00f6glichen.| Bio Alpine Hotel Gran Fod\u00e0","og_url":"https:\/\/www.granfoda.it\/de\/nachhaltigkeit\/","og_site_name":"Bio Alpine Hotel Gran Fod\u00e0","article_publisher":"https:\/\/www.facebook.com\/HotelGranFoda","article_modified_time":"2026-03-05T14:04:49+00:00","og_image":[{"width":1920,"height":1278,"url":"https:\/\/www.granfoda.it\/wp-content\/uploads\/2025\/03\/Sostenibilita_GF_04.jpg","type":"image\/jpeg"}],"twitter_card":"summary_large_image","twitter_misc":{"Gesch\u00e4tzte Lesezeit":"3\u00a0Minuten"},"schema":{"@context":"https:\/\/schema.org","@graph":[{"@type":"WebPage","@id":"https:\/\/www.granfoda.it\/de\/nachhaltigkeit\/","url":"https:\/\/www.granfoda.it\/de\/nachhaltigkeit\/","name":"Nachhaltiger Urlaub in den Dolomiten | Bio Alpine Hotel Gran Fod\u00e0","isPartOf":{"@id":"https:\/\/www.granfoda.it\/de\/#website"},"primaryImageOfPage":{"@id":"https:\/\/www.granfoda.it\/de\/nachhaltigkeit\/#primaryimage"},"image":{"@id":"https:\/\/www.granfoda.it\/de\/nachhaltigkeit\/#primaryimage"},"thumbnailUrl":"https:\/\/www.granfoda.it\/wp-content\/uploads\/2025\/03\/Sostenibilita_GF_04.jpg","datePublished":"2025-04-08T15:04:04+00:00","dateModified":"2026-03-05T14:04:49+00:00","description":"Im Gran Fod\u00e0 sind wir fest entschlossen, unseren \u00f6kologischen Fu\u00dfabdruck zu reduzieren und einen umweltfreundlicheren Urlaub zu erm\u00f6glichen.| Bio Alpine Hotel Gran Fod\u00e0","breadcrumb":{"@id":"https:\/\/www.granfoda.it\/de\/nachhaltigkeit\/#breadcrumb"},"inLanguage":"de","potentialAction":[{"@type":"ReadAction","target":["https:\/\/www.granfoda.it\/de\/nachhaltigkeit\/"]}]},{"@type":"ImageObject","inLanguage":"de","@id":"https:\/\/www.granfoda.it\/de\/nachhaltigkeit\/#primaryimage","url":"https:\/\/www.granfoda.it\/wp-content\/uploads\/2025\/03\/Sostenibilita_GF_04.jpg","contentUrl":"https:\/\/www.granfoda.it\/wp-content\/uploads\/2025\/03\/Sostenibilita_GF_04.jpg","width":1920,"height":1278},{"@type":"BreadcrumbList","@id":"https:\/\/www.granfoda.it\/de\/nachhaltigkeit\/#breadcrumb","itemListElement":[{"@type":"ListItem","position":1,"name":"Home","item":"https:\/\/www.granfoda.it\/de\/"},{"@type":"ListItem","position":2,"name":"Nachhaltigkeit"}]},{"@type":"WebSite","@id":"https:\/\/www.granfoda.it\/de\/#website","url":"https:\/\/www.granfoda.it\/de\/","name":"Alpine Hotel Gran Fod\u00e0","description":"La nostra casa ski in ski out a Plan de Corones","publisher":{"@id":"https:\/\/www.granfoda.it\/de\/#organization"},"alternateName":"Alpine Hotel Gran Fod\u00e0","potentialAction":[{"@type":"SearchAction","target":{"@type":"EntryPoint","urlTemplate":"https:\/\/www.granfoda.it\/de\/?s={search_term_string}"},"query-input":{"@type":"PropertyValueSpecification","valueRequired":true,"valueName":"search_term_string"}}],"inLanguage":"de"},{"@type":"Organization","@id":"https:\/\/www.granfoda.it\/de\/#organization","name":"Alpine Hotel Gran Fod\u00e0","url":"https:\/\/www.granfoda.it\/de\/","logo":{"@type":"ImageObject","inLanguage":"de","@id":"https:\/\/www.granfoda.it\/de\/#\/schema\/logo\/image\/","url":"https:\/\/www.granfoda.it\/wp-content\/uploads\/2024\/02\/alpine-hotel-gran-foda-logo-square.jpg","contentUrl":"https:\/\/www.granfoda.it\/wp-content\/uploads\/2024\/02\/alpine-hotel-gran-foda-logo-square.jpg","width":550,"height":550,"caption":"Alpine Hotel Gran Fod\u00e0"},"image":{"@id":"https:\/\/www.granfoda.it\/de\/#\/schema\/logo\/image\/"},"sameAs":["https:\/\/www.facebook.com\/HotelGranFoda","https:\/\/www.instagram.com\/alpinehotelgranfoda\/","https:\/\/www.youtube.com\/@GranFodaIta"]}]}},"_links":{"self":[{"href":"https:\/\/www.granfoda.it\/de\/wp-json\/wp\/v2\/pages\/4305","targetHints":{"allow":["GET"]}}],"collection":[{"href":"https:\/\/www.granfoda.it\/de\/wp-json\/wp\/v2\/pages"}],"about":[{"href":"https:\/\/www.granfoda.it\/de\/wp-json\/wp\/v2\/types\/page"}],"author":[{"embeddable":true,"href":"https:\/\/www.granfoda.it\/de\/wp-json\/wp\/v2\/users\/1"}],"replies":[{"embeddable":true,"href":"https:\/\/www.granfoda.it\/de\/wp-json\/wp\/v2\/comments?post=4305"}],"version-history":[{"count":7,"href":"https:\/\/www.granfoda.it\/de\/wp-json\/wp\/v2\/pages\/4305\/revisions"}],"predecessor-version":[{"id":9693,"href":"https:\/\/www.granfoda.it\/de\/wp-json\/wp\/v2\/pages\/4305\/revisions\/9693"}],"wp:featuredmedia":[{"embeddable":true,"href":"https:\/\/www.granfoda.it\/de\/wp-json\/wp\/v2\/media\/3485"}],"wp:attachment":[{"href":"https:\/\/www.granfoda.it\/de\/wp-json\/wp\/v2\/media?parent=4305"}],"curies":[{"name":"wp","href":"https:\/\/api.w.org\/{rel}","templated":true}]}}