{"id":4221,"date":"2025-04-10T12:18:03","date_gmt":"2025-04-10T10:18:03","guid":{"rendered":"https:\/\/web.granfoda.it\/delikatessen-spezialitaeten-kronplatz-st-vigil-suedtirol-dolomiten\/panoramaterrasse\/"},"modified":"2026-03-05T15:05:56","modified_gmt":"2026-03-05T14:05:56","slug":"panoramaterrasse","status":"publish","type":"page","link":"https:\/\/www.granfoda.it\/de\/essen-und-wein\/panoramaterrasse\/","title":{"rendered":"Panoramaterrasse"},"content":{"rendered":"<div class=\"wpb-content-wrapper\"><p>[vc_row full_width=&#8221;stretch_row&#8221; content_placement=&#8221;middle&#8221; css=&#8221;.vc_custom_1744736005865{padding-top: 3em !important;padding-bottom: 3em !important;background-image: url(https:\/\/www.granfoda.it\/wp-content\/uploads\/2025\/04\/Alpine_hotel_gran_foda_terrazza_colazione.jpg?id=4099) !important;background-position: center !important;background-repeat: no-repeat !important;background-size: cover !important;}&#8221;][vc_column css_animation=&#8221;left-to-right&#8221; width=&#8221;5\/6&#8243; offset=&#8221;vc_col-lg-offset-3 vc_col-lg-6 vc_col-md-offset-0 vc_col-xs-offset-1 vc_col-xs-10&#8243; el_class=&#8221;bg-white rounded shadow p-4&#8243; css=&#8221;.vc_custom_1731064196032{padding-top: 0px !important;background-color: #FFFFFF !important;}&#8221;]<h2 class=\"deco-title centro with-eylet\"><span class=\"deco-eylet\">Essen und Wein<\/span> Panoramaterrasse<\/h2>[vc_column_text css=&#8221;&#8221;]<\/p>\n<p style=\"text-align: center;\">Unsere Panoramaterrasse: Ein Logenplatz in den <strong>Dolomiten<\/strong><\/p>\n<p style=\"text-align: center;\">Mitten in den <strong>Dolomiten<\/strong>, umgeben von der spektakul\u00e4ren Kulisse des <strong>Kronplatzes<\/strong>, erwartet Sie unsere Panoramaterrasse \u2013 der perfekte Ort, um Natur und Genuss zu verbinden. Hier wird jeder Moment zu einem <strong>unvergesslichen Erlebnis<\/strong>.<br \/>\nOb beim <strong>Fr\u00fchst\u00fcck<\/strong> in der Morgensonne, bei einem <strong>Aperitif <\/strong>zum Sonnenuntergang oder bei einem <strong>entspannten<\/strong> <strong>Abendessen<\/strong> unter dem Sternenhimmel \u2013 unsere Terrasse ist ein Ort, an dem Zeit keine Rolle spielt und die Sch\u00f6nheit der Natur allgegenw\u00e4rtig ist.<\/p>\n<p>[\/vc_column_text]<div class=\"button-wrapper centro\"><a class=\"btn btn-default inverted\"  href=\"https:\/\/www.simplebooking.it\/ibe\/search?hid=9416&lang=DE\" target=\"_blank\" title=\"Ein Zimmer buchen\">Nimm Platz<\/a><\/div>[\/vc_column][\/vc_row][vc_row css=&#8221;.vc_custom_1744293248101{padding-top: 2em !important;padding-bottom: 2em !important;}&#8221;][vc_column]<div id=\"features-carousel-69f1a35f0c365-wrapper\" class=\"feature-carousel-wrapper \">\n\t\t\t\t\t\t\t<div class=\"features-carousel\" style=\"--features-carousel-color:#262626;\">\n\t\t\t\t\t\t\t\t<div class=\"row g-0\">\n\t\t\t\t\t\t\t\t\t<div class=\"col-xl-8 col-lg-6 features-carousel-cycler\">\n\t\t\t\t\t\t\t\t\t\t<img decoding=\"async\" class=\"active\" src=\"https:\/\/www.granfoda.it\/wp-content\/uploads\/2025\/04\/Alpine_Hotel_Gran_Foda_Terrazza_aperitivo.jpg\" alt=\"\" \/>\n<img decoding=\"async\" class=\"\" src=\"https:\/\/www.granfoda.it\/wp-content\/uploads\/2025\/03\/Casa_GF_02.jpg\" alt=\"\" \/>\n\t\t\t\t\t\t\t\t\t<\/div>\n\t\t\t\t\t\t\t\t\t<div class=\"col-xl-4 col-lg-6 features-carousel-color\">\n\t\t\t\t\t\t\t\t\t\t<div id=\"features-carousel-69f1a35f0c365\" class=\"features-slider carousel slide\" data-bs-ride=\"carousel\" data-bs-interval=\"10000\">\n\t\t\t\t\t\t\t\t\t\t\t<div class=\"carousel-inner feature-carousel-inner\">\n\t\t\t\t\t\t\t\t\t\t\t\t<div data-index=\"0\" class=\"features-item carousel-item item active p-lg-5 p-3\">\n\t\t\t\t\t\t\t<div class=\"features-item-table\">\n\t\t\t\t\t\t\t\t<span class=\"features-item-table-item\">\n\t\t\t\t\t\t\t\t\t<h2 class=\"deco-title mb-2\"><span class=\"deco-eylet\">Panoramaterrasse<\/span><span>Eine einzigartige Atmosph\u00e4re<\/span><\/h2>\n\t\t\t\t\t\t\t\t\t<div class=\"features-item-text\">Im Sommer sorgen wir mit w\u00f6chentlichen Live-Musik-Abenden f\u00fcr ein besonderes Ambiente \u2013 genie\u00dfen Sie einen Aperitif mit Aussicht und lassen Sie sich von der Atmosph\u00e4re verzaubern. <\/div>\n\t\t\t\t\t\t\t\t\t\n\t\t\t\t\t\t\t\t\t\n\t\t\t\t\t\t\t\t<\/span>\n\t\t\t\t\t\t\t<\/div>\n\t\t\t\t\t\t<\/div>\n<div data-index=\"1\" class=\"features-item carousel-item item p-lg-5 p-3\">\n\t\t\t\t\t\t\t<div class=\"features-item-table\">\n\t\t\t\t\t\t\t\t<span class=\"features-item-table-item\">\n\t\t\t\t\t\t\t\t\t<h2 class=\"deco-title mb-2\"><span class=\"deco-eylet\">Panoramaterrasse<\/span><span>Wenn die Zeit stillsteht<\/span><\/h2>\n\t\t\t\t\t\t\t\t\t<div class=\"features-item-text\">Ein Ort zum Verweilen, Genie\u00dfen und Staunen. Worauf warten Sie noch?  <\/div>\n\t\t\t\t\t\t\t\t\t\n\t\t\t\t\t\t\t\t\t\n\t\t\t\t\t\t\t\t<\/span>\n\t\t\t\t\t\t\t<\/div>\n\t\t\t\t\t\t<\/div>\n\t\t\t\t\t\t\t\t\t\t\t<\/div>\n\t\t\t\t\t\t\t\t\t\t\t\n\t\t\t\t\t\t\t\t\t\t\t<div class=\"carousel-indicators carousel-bullets\">\n\t\t\t\t\t\t\t\t\t\t\t\t<button type=\"button\" data-bs-target=\"#features-carousel-69f1a35f0c365\" data-bs-slide-to=\"0\" class=\"active\" aria-current=\"true\" aria-label=\"Go to slide no. 1\"><\/button>\n<button type=\"button\" data-bs-target=\"#features-carousel-69f1a35f0c365\" data-bs-slide-to=\"1\" class=\"\" aria-current=\"false\" aria-label=\"Go to slide no. 2\"><\/button>\n\t\t\t\t\t\t\t\t\t\t\t<\/div>\n\t\t\t\t\t\t\t\t\t\t\t\n\t\t\t\t\t\t\t\t\t\t<\/div>\t\t\t\t\t\t\t\t\t\n\t\t\t\t\t\t\t\t\t<\/div>\n\t\t\t\t\t\t\t\t<\/div>\n\t\t\t\t\t\t\t<\/div>\n\t\t\t\t\t\t<\/div>[\/vc_column][\/vc_row]<\/p>\n<\/div>","protected":false},"excerpt":{"rendered":"<p>[vc_row full_width=&#8221;stretch_row&#8221; content_placement=&#8221;middle&#8221; css=&#8221;.vc_custom_1744736005865{padding-top: 3em !important;padding-bottom: 3em !important;background-image: url(https:\/\/www.granfoda.it\/wp-content\/uploads\/2025\/04\/Alpine_hotel_gran_foda_terrazza_colazione.jpg?id=4099) !important;background-position: center !important;background-repeat: no-repeat !important;background-size: cover !important;}&#8221;][vc_column css_animation=&#8221;left-to-right&#8221; width=&#8221;5\/6&#8243; offset=&#8221;vc_col-lg-offset-3 vc_col-lg-6 vc_col-md-offset-0 vc_col-xs-offset-1 vc_col-xs-10&#8243; el_class=&#8221;bg-white rounded shadow p-4&#8243; css=&#8221;.vc_custom_1731064196032{padding-top: 0px !important;background-color: #FFFFFF !important;}&#8221;][vc_column_text css=&#8221;&#8221;] Unsere Panoramaterrasse: Ein Logenplatz in den Dolomiten Mitten in den Dolomiten, umgeben von der spektakul\u00e4ren Kulisse des Kronplatzes, erwartet Sie unsere Panoramaterrasse [&hellip;]<\/p>\n","protected":false},"author":1,"featured_media":3693,"parent":593,"menu_order":2,"comment_status":"closed","ping_status":"closed","template":"","meta":{"_acf_changed":false,"rs_blank_template":"","rs_page_bg_color":"","slide_template_v7":"","footnotes":""},"class_list":["post-4221","page","type-page","status-publish","has-post-thumbnail","hentry"],"acf":[],"yoast_head":"<!-- This site is optimized with the Yoast SEO plugin v27.5 - https:\/\/yoast.com\/product\/yoast-seo-wordpress\/ -->\n<title>Sonnenterrasse und Biowein | Bio Alpine Hotel Gran Fod\u00e0<\/title>\n<meta name=\"description\" content=\"Unsere Terrasse: der ideale Ort, um die nat\u00fcrliche Sch\u00f6nheit des Kronplatzes in unmittelbarer N\u00e4he zu erleben. | Bio Alpine Hotel Gran Fod\u00e0\" \/>\n<meta name=\"robots\" content=\"index, follow, max-snippet:-1, max-image-preview:large, max-video-preview:-1\" \/>\n<link rel=\"canonical\" href=\"https:\/\/www.granfoda.it\/de\/essen-und-wein\/panoramaterrasse\/\" \/>\n<meta property=\"og:locale\" content=\"de_DE\" \/>\n<meta property=\"og:type\" content=\"article\" \/>\n<meta property=\"og:title\" content=\"Sonnenterrasse und Biowein | Bio Alpine Hotel Gran Fod\u00e0\" \/>\n<meta property=\"og:description\" content=\"Unsere Terrasse: der ideale Ort, um die nat\u00fcrliche Sch\u00f6nheit des Kronplatzes in unmittelbarer N\u00e4he zu erleben. | Bio Alpine Hotel Gran Fod\u00e0\" \/>\n<meta property=\"og:url\" content=\"https:\/\/www.granfoda.it\/de\/essen-und-wein\/panoramaterrasse\/\" \/>\n<meta property=\"og:site_name\" content=\"Bio Alpine Hotel Gran Fod\u00e0\" \/>\n<meta property=\"article:publisher\" content=\"https:\/\/www.facebook.com\/HotelGranFoda\" \/>\n<meta property=\"article:modified_time\" content=\"2026-03-05T14:05:56+00:00\" \/>\n<meta property=\"og:image\" content=\"https:\/\/www.granfoda.it\/wp-content\/uploads\/2025\/04\/Colazione_GF_06.jpg\" \/>\n\t<meta property=\"og:image:width\" content=\"1268\" \/>\n\t<meta property=\"og:image:height\" content=\"1690\" \/>\n\t<meta property=\"og:image:type\" content=\"image\/jpeg\" \/>\n<meta name=\"twitter:card\" content=\"summary_large_image\" \/>\n<meta name=\"twitter:label1\" content=\"Gesch\u00e4tzte Lesezeit\" \/>\n\t<meta name=\"twitter:data1\" content=\"2\u00a0Minuten\" \/>\n<!-- \/ Yoast SEO plugin. -->","yoast_head_json":{"title":"Sonnenterrasse und Biowein | Bio Alpine Hotel Gran Fod\u00e0","description":"Unsere Terrasse: der ideale Ort, um die nat\u00fcrliche Sch\u00f6nheit des Kronplatzes in unmittelbarer N\u00e4he zu erleben. | Bio Alpine Hotel Gran Fod\u00e0","robots":{"index":"index","follow":"follow","max-snippet":"max-snippet:-1","max-image-preview":"max-image-preview:large","max-video-preview":"max-video-preview:-1"},"canonical":"https:\/\/www.granfoda.it\/de\/essen-und-wein\/panoramaterrasse\/","og_locale":"de_DE","og_type":"article","og_title":"Sonnenterrasse und Biowein | Bio Alpine Hotel Gran Fod\u00e0","og_description":"Unsere Terrasse: der ideale Ort, um die nat\u00fcrliche Sch\u00f6nheit des Kronplatzes in unmittelbarer N\u00e4he zu erleben. | Bio Alpine Hotel Gran Fod\u00e0","og_url":"https:\/\/www.granfoda.it\/de\/essen-und-wein\/panoramaterrasse\/","og_site_name":"Bio Alpine Hotel Gran Fod\u00e0","article_publisher":"https:\/\/www.facebook.com\/HotelGranFoda","article_modified_time":"2026-03-05T14:05:56+00:00","og_image":[{"width":1268,"height":1690,"url":"https:\/\/www.granfoda.it\/wp-content\/uploads\/2025\/04\/Colazione_GF_06.jpg","type":"image\/jpeg"}],"twitter_card":"summary_large_image","twitter_misc":{"Gesch\u00e4tzte Lesezeit":"2\u00a0Minuten"},"schema":{"@context":"https:\/\/schema.org","@graph":[{"@type":"WebPage","@id":"https:\/\/www.granfoda.it\/de\/essen-und-wein\/panoramaterrasse\/","url":"https:\/\/www.granfoda.it\/de\/essen-und-wein\/panoramaterrasse\/","name":"Sonnenterrasse und Biowein | Bio Alpine Hotel Gran Fod\u00e0","isPartOf":{"@id":"https:\/\/www.granfoda.it\/de\/#website"},"primaryImageOfPage":{"@id":"https:\/\/www.granfoda.it\/de\/essen-und-wein\/panoramaterrasse\/#primaryimage"},"image":{"@id":"https:\/\/www.granfoda.it\/de\/essen-und-wein\/panoramaterrasse\/#primaryimage"},"thumbnailUrl":"https:\/\/www.granfoda.it\/wp-content\/uploads\/2025\/04\/Colazione_GF_06.jpg","datePublished":"2025-04-10T10:18:03+00:00","dateModified":"2026-03-05T14:05:56+00:00","description":"Unsere Terrasse: der ideale Ort, um die nat\u00fcrliche Sch\u00f6nheit des Kronplatzes in unmittelbarer N\u00e4he zu erleben. | Bio Alpine Hotel Gran Fod\u00e0","breadcrumb":{"@id":"https:\/\/www.granfoda.it\/de\/essen-und-wein\/panoramaterrasse\/#breadcrumb"},"inLanguage":"de","potentialAction":[{"@type":"ReadAction","target":["https:\/\/www.granfoda.it\/de\/essen-und-wein\/panoramaterrasse\/"]}]},{"@type":"ImageObject","inLanguage":"de","@id":"https:\/\/www.granfoda.it\/de\/essen-und-wein\/panoramaterrasse\/#primaryimage","url":"https:\/\/www.granfoda.it\/wp-content\/uploads\/2025\/04\/Colazione_GF_06.jpg","contentUrl":"https:\/\/www.granfoda.it\/wp-content\/uploads\/2025\/04\/Colazione_GF_06.jpg","width":1268,"height":1690},{"@type":"BreadcrumbList","@id":"https:\/\/www.granfoda.it\/de\/essen-und-wein\/panoramaterrasse\/#breadcrumb","itemListElement":[{"@type":"ListItem","position":1,"name":"Home","item":"https:\/\/www.granfoda.it\/de\/"},{"@type":"ListItem","position":2,"name":"Nachhaltige K\u00fcche","item":"https:\/\/www.granfoda.it\/de\/essen-und-wein\/"},{"@type":"ListItem","position":3,"name":"Panoramaterrasse"}]},{"@type":"WebSite","@id":"https:\/\/www.granfoda.it\/de\/#website","url":"https:\/\/www.granfoda.it\/de\/","name":"Alpine Hotel Gran Fod\u00e0","description":"La nostra casa ski in ski out a Plan de Corones","publisher":{"@id":"https:\/\/www.granfoda.it\/de\/#organization"},"alternateName":"Alpine Hotel Gran Fod\u00e0","potentialAction":[{"@type":"SearchAction","target":{"@type":"EntryPoint","urlTemplate":"https:\/\/www.granfoda.it\/de\/?s={search_term_string}"},"query-input":{"@type":"PropertyValueSpecification","valueRequired":true,"valueName":"search_term_string"}}],"inLanguage":"de"},{"@type":"Organization","@id":"https:\/\/www.granfoda.it\/de\/#organization","name":"Alpine Hotel Gran Fod\u00e0","url":"https:\/\/www.granfoda.it\/de\/","logo":{"@type":"ImageObject","inLanguage":"de","@id":"https:\/\/www.granfoda.it\/de\/#\/schema\/logo\/image\/","url":"https:\/\/www.granfoda.it\/wp-content\/uploads\/2024\/02\/alpine-hotel-gran-foda-logo-square.jpg","contentUrl":"https:\/\/www.granfoda.it\/wp-content\/uploads\/2024\/02\/alpine-hotel-gran-foda-logo-square.jpg","width":550,"height":550,"caption":"Alpine Hotel Gran Fod\u00e0"},"image":{"@id":"https:\/\/www.granfoda.it\/de\/#\/schema\/logo\/image\/"},"sameAs":["https:\/\/www.facebook.com\/HotelGranFoda","https:\/\/www.instagram.com\/alpinehotelgranfoda\/","https:\/\/www.youtube.com\/@GranFodaIta"]}]}},"_links":{"self":[{"href":"https:\/\/www.granfoda.it\/de\/wp-json\/wp\/v2\/pages\/4221","targetHints":{"allow":["GET"]}}],"collection":[{"href":"https:\/\/www.granfoda.it\/de\/wp-json\/wp\/v2\/pages"}],"about":[{"href":"https:\/\/www.granfoda.it\/de\/wp-json\/wp\/v2\/types\/page"}],"author":[{"embeddable":true,"href":"https:\/\/www.granfoda.it\/de\/wp-json\/wp\/v2\/users\/1"}],"replies":[{"embeddable":true,"href":"https:\/\/www.granfoda.it\/de\/wp-json\/wp\/v2\/comments?post=4221"}],"version-history":[{"count":7,"href":"https:\/\/www.granfoda.it\/de\/wp-json\/wp\/v2\/pages\/4221\/revisions"}],"predecessor-version":[{"id":4601,"href":"https:\/\/www.granfoda.it\/de\/wp-json\/wp\/v2\/pages\/4221\/revisions\/4601"}],"up":[{"embeddable":true,"href":"https:\/\/www.granfoda.it\/de\/wp-json\/wp\/v2\/pages\/593"}],"wp:featuredmedia":[{"embeddable":true,"href":"https:\/\/www.granfoda.it\/de\/wp-json\/wp\/v2\/media\/3693"}],"wp:attachment":[{"href":"https:\/\/www.granfoda.it\/de\/wp-json\/wp\/v2\/media?parent=4221"}],"curies":[{"name":"wp","href":"https:\/\/api.w.org\/{rel}","templated":true}]}}