{"id":4215,"date":"2025-04-10T12:17:42","date_gmt":"2025-04-10T10:17:42","guid":{"rendered":"https:\/\/web.granfoda.it\/delikatessen-spezialitaeten-kronplatz-st-vigil-suedtirol-dolomiten\/fruehstueck\/"},"modified":"2026-04-13T15:39:39","modified_gmt":"2026-04-13T13:39:39","slug":"fruehstueck","status":"publish","type":"page","link":"https:\/\/www.granfoda.it\/de\/essen-und-wein\/fruehstueck\/","title":{"rendered":"Fr\u00fchst\u00fcck"},"content":{"rendered":"<div class=\"wpb-content-wrapper\"><p>[vc_row full_width=&#8221;stretch_row&#8221; css=&#8221;.vc_custom_1744292955013{padding-top: 3em !important;padding-bottom: 3em !important;background-image: url(https:\/\/www.granfoda.it\/wp-content\/uploads\/2025\/04\/Colazione_GF_05.jpg?id=3665) !important;background-position: center !important;background-repeat: no-repeat !important;background-size: cover !important;}&#8221;][vc_column width=&#8221;1\/4&#8243;][\/vc_column][vc_column width=&#8221;1\/2&#8243; css=&#8221;.vc_custom_1714401352626{margin-top: 4em !important;margin-bottom: 4em !important;padding-top: 3em !important;padding-right: 2em !important;padding-bottom: 3em !important;padding-left: 2em !important;background-color: #ffffff !important;}&#8221; el_class=&#8221;no-margin&#8221;]<h2 class=\"deco-title centro with-eylet mb-4\"><span class=\"deco-eylet\">Fr\u00fchst\u00fcck im Gran Fod\u00e1: Ein authentischer Genuss der Dolomiten<\/span> Fr\u00fchst\u00fcck<\/h2>[vc_column_text css=&#8221;&#8221;]<\/p>\n<p style=\"text-align: center;\" data-start=\"762\" data-end=\"1147\">Das Fr\u00fchst\u00fcck im Gran Fod\u00e0 ist ein Erlebnis, das in die authentischen Aromen des Tals eintauchen l\u00e4sst \u2013 ganz im Zeichen der <strong data-start=\"887\" data-end=\"909\">biologischen K\u00fcche<\/strong>. Die servierten K\u00e4se- und Wurstspezialit\u00e4ten stammen von lokalen Produzenten, die aufgrund der Qualit\u00e4t ihrer <strong data-start=\"1020\" data-end=\"1060\">biologischen und saisonalen Produkte<\/strong> sowie ihres Respekts f\u00fcr die kulinarischen Traditionen dieser Berge ausgew\u00e4hlt wurden.<\/p>\n<p style=\"text-align: center;\" data-start=\"1149\" data-end=\"1323\">Jede Zutat entsteht aus Leidenschaft, Herkunft und Saisonalit\u00e4t: Hier erz\u00e4hlt jeder Geschmack eine Geschichte \u2013 die Geschichte der Region und ihrer urspr\u00fcnglichsten Produkte.<\/p>\n<p style=\"text-align: center;\" data-start=\"1325\" data-end=\"1554\" data-is-last-node=\"\" data-is-only-node=\"\">Das Bio-Fr\u00fchst\u00fcck ist darauf ausgelegt, die richtige Energie f\u00fcr den Tag zu liefern, mit einer vielf\u00e4ltigen und nat\u00fcrlichen Auswahl, die die Sch\u00f6nheit, Traditionen und den Rhythmus der Jahreszeiten in den Dolomiten widerspiegelt.<\/p>\n<p>[\/vc_column_text]<div class=\"button-wrapper centro\"><a class=\"btn btn-default inverted\"  href=\"https:\/\/www.simplebooking.it\/ibe\/search?hid=9416&lang=DE\" target=\"_blank\" title=\"Ein Zimmer buchen\">Nimm Platz<\/a><\/div>[\/vc_column][vc_column width=&#8221;1\/4&#8243;][\/vc_column][\/vc_row]<\/p>\n<\/div>","protected":false},"excerpt":{"rendered":"<p>[vc_row full_width=&#8221;stretch_row&#8221; css=&#8221;.vc_custom_1744292955013{padding-top: 3em !important;padding-bottom: 3em !important;background-image: url(https:\/\/www.granfoda.it\/wp-content\/uploads\/2025\/04\/Colazione_GF_05.jpg?id=3665) !important;background-position: center !important;background-repeat: no-repeat !important;background-size: cover !important;}&#8221;][vc_column width=&#8221;1\/4&#8243;][\/vc_column][vc_column width=&#8221;1\/2&#8243; css=&#8221;.vc_custom_1714401352626{margin-top: 4em !important;margin-bottom: 4em !important;padding-top: 3em !important;padding-right: 2em !important;padding-bottom: 3em !important;padding-left: 2em !important;background-color: #ffffff !important;}&#8221; el_class=&#8221;no-margin&#8221;][vc_column_text css=&#8221;&#8221;] Das Fr\u00fchst\u00fcck im Gran Fod\u00e0 ist ein Erlebnis, das in die authentischen Aromen des Tals eintauchen l\u00e4sst \u2013 ganz im Zeichen [&hellip;]<\/p>\n","protected":false},"author":1,"featured_media":3667,"parent":593,"menu_order":1,"comment_status":"closed","ping_status":"closed","template":"","meta":{"_acf_changed":false,"rs_blank_template":"","rs_page_bg_color":"","slide_template_v7":"","footnotes":""},"class_list":["post-4215","page","type-page","status-publish","has-post-thumbnail","hentry"],"acf":[],"yoast_head":"<!-- This site is optimized with the Yoast SEO plugin v27.5 - https:\/\/yoast.com\/product\/yoast-seo-wordpress\/ -->\n<title>Bio Fr\u00fchst\u00fcck mit Bergblick | Bio Alpine Hotel Gran Fod\u00e0<\/title>\n<meta name=\"description\" content=\"Das Bio Fr\u00fchst\u00fcck im Gran Fod\u00e0 ist ein Erlebnis, nachhaltiger Urlaub in S\u00fcdtirol f\u00e4ngt morgens an | Bio Alpine Hotel Gran Fod\u00e0\" \/>\n<meta name=\"robots\" content=\"index, follow, max-snippet:-1, max-image-preview:large, max-video-preview:-1\" \/>\n<link rel=\"canonical\" href=\"https:\/\/www.granfoda.it\/de\/essen-und-wein\/fruehstueck\/\" \/>\n<meta property=\"og:locale\" content=\"de_DE\" \/>\n<meta property=\"og:type\" content=\"article\" \/>\n<meta property=\"og:title\" content=\"Bio Fr\u00fchst\u00fcck mit Bergblick | Bio Alpine Hotel Gran Fod\u00e0\" \/>\n<meta property=\"og:description\" content=\"Das Bio Fr\u00fchst\u00fcck im Gran Fod\u00e0 ist ein Erlebnis, nachhaltiger Urlaub in S\u00fcdtirol f\u00e4ngt morgens an | Bio Alpine Hotel Gran Fod\u00e0\" \/>\n<meta property=\"og:url\" content=\"https:\/\/www.granfoda.it\/de\/essen-und-wein\/fruehstueck\/\" \/>\n<meta property=\"og:site_name\" content=\"Bio Alpine Hotel Gran Fod\u00e0\" \/>\n<meta property=\"article:publisher\" content=\"https:\/\/www.facebook.com\/HotelGranFoda\" \/>\n<meta property=\"article:modified_time\" content=\"2026-04-13T13:39:39+00:00\" \/>\n<meta property=\"og:image\" content=\"https:\/\/www.granfoda.it\/wp-content\/uploads\/2025\/04\/Colazione_GF_05.jpg\" \/>\n\t<meta property=\"og:image:width\" content=\"1300\" \/>\n\t<meta property=\"og:image:height\" content=\"1950\" \/>\n\t<meta property=\"og:image:type\" content=\"image\/jpeg\" \/>\n<meta name=\"twitter:card\" content=\"summary_large_image\" \/>\n<meta name=\"twitter:label1\" content=\"Gesch\u00e4tzte Lesezeit\" \/>\n\t<meta name=\"twitter:data1\" content=\"1\u00a0Minute\" \/>\n<!-- \/ Yoast SEO plugin. -->","yoast_head_json":{"title":"Bio Fr\u00fchst\u00fcck mit Bergblick | Bio Alpine Hotel Gran Fod\u00e0","description":"Das Bio Fr\u00fchst\u00fcck im Gran Fod\u00e0 ist ein Erlebnis, nachhaltiger Urlaub in S\u00fcdtirol f\u00e4ngt morgens an | Bio Alpine Hotel Gran Fod\u00e0","robots":{"index":"index","follow":"follow","max-snippet":"max-snippet:-1","max-image-preview":"max-image-preview:large","max-video-preview":"max-video-preview:-1"},"canonical":"https:\/\/www.granfoda.it\/de\/essen-und-wein\/fruehstueck\/","og_locale":"de_DE","og_type":"article","og_title":"Bio Fr\u00fchst\u00fcck mit Bergblick | Bio Alpine Hotel Gran Fod\u00e0","og_description":"Das Bio Fr\u00fchst\u00fcck im Gran Fod\u00e0 ist ein Erlebnis, nachhaltiger Urlaub in S\u00fcdtirol f\u00e4ngt morgens an | Bio Alpine Hotel Gran Fod\u00e0","og_url":"https:\/\/www.granfoda.it\/de\/essen-und-wein\/fruehstueck\/","og_site_name":"Bio Alpine Hotel Gran Fod\u00e0","article_publisher":"https:\/\/www.facebook.com\/HotelGranFoda","article_modified_time":"2026-04-13T13:39:39+00:00","og_image":[{"width":1300,"height":1950,"url":"https:\/\/www.granfoda.it\/wp-content\/uploads\/2025\/04\/Colazione_GF_05.jpg","type":"image\/jpeg"}],"twitter_card":"summary_large_image","twitter_misc":{"Gesch\u00e4tzte Lesezeit":"1\u00a0Minute"},"schema":{"@context":"https:\/\/schema.org","@graph":[{"@type":"WebPage","@id":"https:\/\/www.granfoda.it\/de\/essen-und-wein\/fruehstueck\/","url":"https:\/\/www.granfoda.it\/de\/essen-und-wein\/fruehstueck\/","name":"Bio Fr\u00fchst\u00fcck mit Bergblick | Bio Alpine Hotel Gran Fod\u00e0","isPartOf":{"@id":"https:\/\/www.granfoda.it\/de\/#website"},"primaryImageOfPage":{"@id":"https:\/\/www.granfoda.it\/de\/essen-und-wein\/fruehstueck\/#primaryimage"},"image":{"@id":"https:\/\/www.granfoda.it\/de\/essen-und-wein\/fruehstueck\/#primaryimage"},"thumbnailUrl":"https:\/\/www.granfoda.it\/wp-content\/uploads\/2025\/04\/Colazione_GF_05.jpg","datePublished":"2025-04-10T10:17:42+00:00","dateModified":"2026-04-13T13:39:39+00:00","description":"Das Bio Fr\u00fchst\u00fcck im Gran Fod\u00e0 ist ein Erlebnis, nachhaltiger Urlaub in S\u00fcdtirol f\u00e4ngt morgens an | Bio Alpine Hotel Gran Fod\u00e0","breadcrumb":{"@id":"https:\/\/www.granfoda.it\/de\/essen-und-wein\/fruehstueck\/#breadcrumb"},"inLanguage":"de","potentialAction":[{"@type":"ReadAction","target":["https:\/\/www.granfoda.it\/de\/essen-und-wein\/fruehstueck\/"]}]},{"@type":"ImageObject","inLanguage":"de","@id":"https:\/\/www.granfoda.it\/de\/essen-und-wein\/fruehstueck\/#primaryimage","url":"https:\/\/www.granfoda.it\/wp-content\/uploads\/2025\/04\/Colazione_GF_05.jpg","contentUrl":"https:\/\/www.granfoda.it\/wp-content\/uploads\/2025\/04\/Colazione_GF_05.jpg","width":1300,"height":1950},{"@type":"BreadcrumbList","@id":"https:\/\/www.granfoda.it\/de\/essen-und-wein\/fruehstueck\/#breadcrumb","itemListElement":[{"@type":"ListItem","position":1,"name":"Home","item":"https:\/\/www.granfoda.it\/de\/"},{"@type":"ListItem","position":2,"name":"Nachhaltige K\u00fcche","item":"https:\/\/www.granfoda.it\/de\/essen-und-wein\/"},{"@type":"ListItem","position":3,"name":"Fr\u00fchst\u00fcck"}]},{"@type":"WebSite","@id":"https:\/\/www.granfoda.it\/de\/#website","url":"https:\/\/www.granfoda.it\/de\/","name":"Alpine Hotel Gran Fod\u00e0","description":"La nostra casa ski in ski out a Plan de Corones","publisher":{"@id":"https:\/\/www.granfoda.it\/de\/#organization"},"alternateName":"Alpine Hotel Gran Fod\u00e0","potentialAction":[{"@type":"SearchAction","target":{"@type":"EntryPoint","urlTemplate":"https:\/\/www.granfoda.it\/de\/?s={search_term_string}"},"query-input":{"@type":"PropertyValueSpecification","valueRequired":true,"valueName":"search_term_string"}}],"inLanguage":"de"},{"@type":"Organization","@id":"https:\/\/www.granfoda.it\/de\/#organization","name":"Alpine Hotel Gran Fod\u00e0","url":"https:\/\/www.granfoda.it\/de\/","logo":{"@type":"ImageObject","inLanguage":"de","@id":"https:\/\/www.granfoda.it\/de\/#\/schema\/logo\/image\/","url":"https:\/\/www.granfoda.it\/wp-content\/uploads\/2024\/02\/alpine-hotel-gran-foda-logo-square.jpg","contentUrl":"https:\/\/www.granfoda.it\/wp-content\/uploads\/2024\/02\/alpine-hotel-gran-foda-logo-square.jpg","width":550,"height":550,"caption":"Alpine Hotel Gran Fod\u00e0"},"image":{"@id":"https:\/\/www.granfoda.it\/de\/#\/schema\/logo\/image\/"},"sameAs":["https:\/\/www.facebook.com\/HotelGranFoda","https:\/\/www.instagram.com\/alpinehotelgranfoda\/","https:\/\/www.youtube.com\/@GranFodaIta"]}]}},"_links":{"self":[{"href":"https:\/\/www.granfoda.it\/de\/wp-json\/wp\/v2\/pages\/4215","targetHints":{"allow":["GET"]}}],"collection":[{"href":"https:\/\/www.granfoda.it\/de\/wp-json\/wp\/v2\/pages"}],"about":[{"href":"https:\/\/www.granfoda.it\/de\/wp-json\/wp\/v2\/types\/page"}],"author":[{"embeddable":true,"href":"https:\/\/www.granfoda.it\/de\/wp-json\/wp\/v2\/users\/1"}],"replies":[{"embeddable":true,"href":"https:\/\/www.granfoda.it\/de\/wp-json\/wp\/v2\/comments?post=4215"}],"version-history":[{"count":7,"href":"https:\/\/www.granfoda.it\/de\/wp-json\/wp\/v2\/pages\/4215\/revisions"}],"predecessor-version":[{"id":9843,"href":"https:\/\/www.granfoda.it\/de\/wp-json\/wp\/v2\/pages\/4215\/revisions\/9843"}],"up":[{"embeddable":true,"href":"https:\/\/www.granfoda.it\/de\/wp-json\/wp\/v2\/pages\/593"}],"wp:featuredmedia":[{"embeddable":true,"href":"https:\/\/www.granfoda.it\/de\/wp-json\/wp\/v2\/media\/3667"}],"wp:attachment":[{"href":"https:\/\/www.granfoda.it\/de\/wp-json\/wp\/v2\/media?parent=4215"}],"curies":[{"name":"wp","href":"https:\/\/api.w.org\/{rel}","templated":true}]}}