{"id":1260,"date":"2024-04-29T16:29:45","date_gmt":"2024-04-29T14:29:45","guid":{"rendered":"https:\/\/www.granfoda.it\/angebote-und-pakete\/"},"modified":"2026-03-23T10:49:42","modified_gmt":"2026-03-23T09:49:42","slug":"angebote-und-pakete","status":"publish","type":"page","link":"https:\/\/www.granfoda.it\/de\/angebote-und-pakete\/","title":{"rendered":"Exklusive Angebote"},"content":{"rendered":"<div class=\"wpb-content-wrapper\"><p>[vc_row full_width=&#8221;stretch_row&#8221; full_height=&#8221;yes&#8221; css=&#8221;.vc_custom_1774259378717{padding-top: 3em !important;padding-bottom: 3em !important;background-image: url(https:\/\/www.granfoda.it\/wp-content\/uploads\/2024\/04\/gran-foda-5.12.jpg?id=1130) !important;background-position: center !important;background-repeat: no-repeat !important;background-size: cover !important;}&#8221;][vc_column width=&#8221;5\/6&#8243; offset=&#8221;vc_col-md-offset-3 vc_col-md-6 vc_col-xs-offset-1 vc_col-xs-10&#8243; el_class=&#8221;bg-light rounded shadow p-3&#8243;]<h2 class=\"deco-title centro with-eylet mb-4\"><span class=\"deco-eylet\">Etwas Besonderes<\/span> Exklusive <mark>Angebote<\/mark><\/h2>[vc_column_text css=&#8221;&#8221;]<\/p>\n<p style=\"text-align: center;\">Ob es sich um eine <strong>kurze Auszeit <\/strong>vom Alltag handelt oder um einen l\u00e4ngeren Aufenthalt, um in die <strong>Natur einzutauchen<\/strong>, wir finden immer die perfekte L\u00f6sung f\u00fcr Sie. Es spielt keine Rolle, ob Sie nur wenige Tage oder eine ganze Woche zur Verf\u00fcgung haben, <strong>unsere Angebote<\/strong> sind darauf ausgelegt, die Buchung <strong>einfach<\/strong> und <strong>sorgenfrei zu gestalten<\/strong>.<\/p>\n<p style=\"text-align: center;\">Und wenn Sie nach etwas Besonderem suchen, das jede Reise einzigartig macht, werden Sie von unseren Paketen \u00fcberrascht sein, die speziell auf Sie zugeschnittene neue Erlebnisse bieten. Es ist uns immer eine Freude, <strong>Sie zu begr\u00fc\u00dfen<\/strong>, zu jeder Jahreszeit und f\u00fcr jede Gelegenheit.<\/p>\n<p>[\/vc_column_text]<div class=\"button-wrapper centro\"><a class=\"btn btn-default inverted\"  href=\"https:\/\/www.simplebooking.it\/ibe\/search?hid=9416lang=DE\" target=\"_blank\" title=\"Ein Zimmer buchen\">Nimm Platz<\/a><\/div>[\/vc_column][\/vc_row][vc_row css=&#8221;.vc_custom_1764935688485{padding-bottom: 4em !important;}&#8221;][vc_column]<section class=\"br-slider\" data-columns=\"3\">\n\t\t\t\t\t\t\t\t <div class=\"br-slider-header inline\">\n\t\t\t\t\t\t\t\t <h2 class=\"deco montagne text-center\">Pakete<\/h2>\n\t\t\t\t\t\t\t\t  \n\t\t\t\t\t\t\t\t\t <div class=\"br-slider-control\">\n\t\t\t\t\t\t\t\t\t\t <span class=\"br-slider-control-left\" title=\"Vorherige\"><i class=\"lnr lnr-chevron-left\"><\/i><\/span>\n\t\t\t\t\t\t\t\t\t\t <span class=\"br-slider-control-right\" title=\"N\u00e4chste\"><i class=\"lnr lnr-chevron-right\"><\/i><\/span>\n\t\t\t\t\t\t\t\t\t <\/div>\n\t\t\t\t\t\t\t\t <\/div>\n\t\t\t\t\t\t\t\t <div class=\"br-slider-stager\">\n\t\t\t\t\t\t\t\t\t <div class=\"br-slider-gallery\">\n\t\t\t\t\t\t\t\t\t\t <div class=\"row\">\n\t\t\t\t\t\t\t\t\t\t\t <div class=\"col-xl-4 col-lg-6 offset-lg-0\">\n\t\t\t\t\t\t\t <div id=\"post-9892\" class=\"br-element card-element with-image post-9892 post type-post status-publish format-standard has-post-thumbnail hentry category-angebote category-paket-de\" >\n\t\t\t\t\t\t\t\t <div class=\"card mb-3 p-xl-4 p-3\">\n\t\t\t\t\t\t\t\t\t<a href=\"https:\/\/www.granfoda.it\/de\/angebote\/sommer-angebot\/\" title=\"Sommer Angebot\" class=\"d-block card-img-top\">\n\t\t\t\t\t<figure title=\"Sommer Angebot\" class=\"autosquare angle\" data-delta=\"1.7777777777778\" style=\"background-image:url('https:\/\/www.granfoda.it\/wp-content\/uploads\/2026\/04\/Offerte-Sito-Gran-Foda-1024x726.png'); aspect-ratio:16 \/ 9;\">\n\t\t\t\t\t\t<img width=\"1024\" height=\"726\" data-src=\"https:\/\/www.granfoda.it\/wp-content\/uploads\/2026\/04\/Offerte-Sito-Gran-Foda-1024x726.png\" class=\"lazyload wp-post-image\" alt=\"\" srcset=\"https:\/\/www.granfoda.it\/wp-content\/uploads\/2026\/04\/Offerte-Sito-Gran-Foda-1024x726.png 1024w, https:\/\/www.granfoda.it\/wp-content\/uploads\/2026\/04\/Offerte-Sito-Gran-Foda-300x213.png 300w, https:\/\/www.granfoda.it\/wp-content\/uploads\/2026\/04\/Offerte-Sito-Gran-Foda-768x545.png 768w, https:\/\/www.granfoda.it\/wp-content\/uploads\/2026\/04\/Offerte-Sito-Gran-Foda-1536x1090.png 1536w, https:\/\/www.granfoda.it\/wp-content\/uploads\/2026\/04\/Offerte-Sito-Gran-Foda.png 1748w\" sizes=\"(max-width: 1024px) 100vw, 1024px\" \/>\n\t\t\t\t\t\t<figcaption><span>Sommer Angebot<\/span><\/figcaption>\n\t\t\t\t\t<\/figure>\n\t\t\t\t<\/a>\n\t\t\t\t\t\t\t\t\t<div class=\"card-body\">\n\t\t\t\t\t\t\t\t\t\t<ul class=\"card-categories\"><li><a href=\"https:\/\/www.granfoda.it\/de\/categorie\/angebote\/\" title=\"Sommer Angebot\">Angebote<\/a><\/li>\n<li><a href=\"https:\/\/www.granfoda.it\/de\/categorie\/paket-de\/\" title=\"Sommer Angebot\">Paket<\/a><\/li><\/ul>\n\t\t\t\t\t\t\t\t\t\t<h3 class=\"card-title\">Sommer Angebot<\/h3>\n\t\t\t\t\t\t\t\t\t\t<div class=\"card-text\">Sommerangebot: Bei einem Mindestaufenthalt von 2 N\u00e4chten erhalten Sie 10% Rabatt.<\/div>\n\t\t\t\t\t\t\t\t\t\t<div class=\"card-button-wrapper\">\n\t\t\t\t\t\t\t\t\t\t\t<a class=\"btn btn-default inverted\" href=\"https:\/\/www.granfoda.it\/de\/angebote\/sommer-angebot\/\" title=\"Sommer Angebot\" >Mehr Lesen <\/a>\n\t\t\t\t\t\t\t\t\t\t<\/div>\n\t\t\t\t\t\t\t\t\t<\/div>\n\t\t\t\t\t\t\t\t <\/div>\n\t\t\t\t\t\t\t <\/div>\n\t\t\t\t\t\t <\/div>\n<div class=\"col-xl-4 col-lg-6 offset-lg-0\">\n\t\t\t\t\t\t\t <div id=\"post-9757\" class=\"br-element card-element with-image post-9757 post type-post status-publish format-standard has-post-thumbnail hentry category-angebote category-paket-de\" >\n\t\t\t\t\t\t\t\t <div class=\"card mb-3 p-xl-4 p-3\">\n\t\t\t\t\t\t\t\t\t<a href=\"https:\/\/www.granfoda.it\/de\/angebote\/angebote-val-sinergia-festival\/\" title=\"Val Sinergia Festival Angebote\" class=\"d-block card-img-top\">\n\t\t\t\t\t<figure title=\"Val Sinergia Festival Angebote\" class=\"autosquare angle\" data-delta=\"1.7777777777778\" style=\"background-image:url('https:\/\/www.granfoda.it\/wp-content\/uploads\/2026\/03\/offerta-val-sinergia-gf-2026-1024x726.png'); aspect-ratio:16 \/ 9;\">\n\t\t\t\t\t\t<img width=\"1024\" height=\"726\" data-src=\"https:\/\/www.granfoda.it\/wp-content\/uploads\/2026\/03\/offerta-val-sinergia-gf-2026-1024x726.png\" class=\"lazyload wp-post-image\" alt=\"\" srcset=\"https:\/\/www.granfoda.it\/wp-content\/uploads\/2026\/03\/offerta-val-sinergia-gf-2026-1024x726.png 1024w, https:\/\/www.granfoda.it\/wp-content\/uploads\/2026\/03\/offerta-val-sinergia-gf-2026-300x213.png 300w, https:\/\/www.granfoda.it\/wp-content\/uploads\/2026\/03\/offerta-val-sinergia-gf-2026-768x545.png 768w, https:\/\/www.granfoda.it\/wp-content\/uploads\/2026\/03\/offerta-val-sinergia-gf-2026-1536x1090.png 1536w, https:\/\/www.granfoda.it\/wp-content\/uploads\/2026\/03\/offerta-val-sinergia-gf-2026.png 1748w\" sizes=\"(max-width: 1024px) 100vw, 1024px\" \/>\n\t\t\t\t\t\t<figcaption><span>Val Sinergia Festival Angebote<\/span><\/figcaption>\n\t\t\t\t\t<\/figure>\n\t\t\t\t<\/a>\n\t\t\t\t\t\t\t\t\t<div class=\"card-body\">\n\t\t\t\t\t\t\t\t\t\t<ul class=\"card-categories\"><li><a href=\"https:\/\/www.granfoda.it\/de\/categorie\/angebote\/\" title=\"Val Sinergia Festival Angebote\">Angebote<\/a><\/li>\n<li><a href=\"https:\/\/www.granfoda.it\/de\/categorie\/paket-de\/\" title=\"Val Sinergia Festival Angebote\">Paket<\/a><\/li><\/ul>\n\t\t\t\t\t\t\t\t\t\t<h3 class=\"card-title\">Val Sinergia Festival Angebote<\/h3>\n\t\t\t\t\t\t\t\t\t\t<div class=\"card-text\">Ihr seid beim\u00a0Van Singeria Festival\u00a0in St. Vigil (27.\u201330. August) dabei? Wir haben etwas f\u00fcr euch.<\/div>\n\t\t\t\t\t\t\t\t\t\t<div class=\"card-button-wrapper\">\n\t\t\t\t\t\t\t\t\t\t\t<a class=\"btn btn-default inverted\" href=\"https:\/\/www.granfoda.it\/de\/angebote\/angebote-val-sinergia-festival\/\" title=\"Val Sinergia Festival Angebote\" >Mehr Lesen <\/a>\n\t\t\t\t\t\t\t\t\t\t<\/div>\n\t\t\t\t\t\t\t\t\t<\/div>\n\t\t\t\t\t\t\t\t <\/div>\n\t\t\t\t\t\t\t <\/div>\n\t\t\t\t\t\t <\/div>\n\t\t\t\t\t\t\t\t\t\t <\/div>\n\t\t\t\t\t\t\t\t\t <\/div>\n\t\t\t\t\t\t\t\t <\/div>\n\t\t\t\t\t\t\t <\/section>[\/vc_column][\/vc_row][vc_row full_width=&#8221;stretch_row_content&#8221; css=&#8221;.vc_custom_1761665731129{padding-top: 0px !important;padding-bottom: 1em !important;}&#8221;][vc_column width=&#8221;1\/2&#8243; css=&#8221;.vc_custom_1761665739753{padding-top: 0px !important;}&#8221;]<div id=\"block-69f50d37a3c37\" aria-labelledby=\"block-69f50d37a3c37-label\" class=\"block-wrapper aspect-image centro \" style=\"background-image:url('https:\/\/www.granfoda.it\/wp-content\/uploads\/2024\/11\/hotel-gran-foda-dolomiti-superior-camera.jpg'); aspect-ratio: 16 \/ 9\">\t\t<div class=\"block-wrapper-content\">\t\t<div class=\"block-wrapper-text\" style=\"vertical-align:middle;\">\t\t\t\t\t\t<h2 id=\"block-69f50d37a3c37-label\" class=\"deco-title mb-4 text-white\"><span class=\"deco-eylet\">Dolomitentr\u00e4ume<\/span>Die Zimmer<\/h2>\t\t\t\t\t\t<a class=\"btn btn-default btn-lg\" href=\"https:\/\/www.granfoda.it\/de\/zimmer\/\">Finde mehr heraus<\/a>\t\t<\/div>\t<\/div><\/div>[\/vc_column][vc_column width=&#8221;1\/2&#8243; css=&#8221;.vc_custom_1761665743674{padding-top: 0px !important;}&#8221;]<div id=\"block-69f50d37a3fa8\" aria-labelledby=\"block-69f50d37a3fa8-label\" class=\"block-wrapper aspect-image centro \" style=\"background-image:url('https:\/\/www.granfoda.it\/wp-content\/uploads\/2025\/03\/piatti_GF_03-683x1024.jpg'); aspect-ratio: 16 \/ 9\">\t\t<div class=\"block-wrapper-content\">\t\t<div class=\"block-wrapper-text\" style=\"vertical-align:middle;\">\t\t\t\t\t\t<h2 id=\"block-69f50d37a3fa8-label\" class=\"deco-title mb-4 text-white\"><span class=\"deco-eylet\">So schmeckt unsere Region<\/span>Nachhaltige<mark>K\u00fcche<\/mark><\/h2>\t\t\t\t\t\t<a class=\"btn btn-default btn-lg\" href=\"https:\/\/www.granfoda.it\/de\/essen-und-wein\/\">Finde mehr heraus<\/a>\t\t<\/div>\t<\/div><\/div>[\/vc_column][\/vc_row]<\/p>\n<\/div>","protected":false},"excerpt":{"rendered":"<p>[vc_row full_width=&#8221;stretch_row&#8221; full_height=&#8221;yes&#8221; css=&#8221;.vc_custom_1774259378717{padding-top: 3em !important;padding-bottom: 3em !important;background-image: url(https:\/\/www.granfoda.it\/wp-content\/uploads\/2024\/04\/gran-foda-5.12.jpg?id=1130) !important;background-position: center !important;background-repeat: no-repeat !important;background-size: cover !important;}&#8221;][vc_column width=&#8221;5\/6&#8243; offset=&#8221;vc_col-md-offset-3 vc_col-md-6 vc_col-xs-offset-1 vc_col-xs-10&#8243; el_class=&#8221;bg-light rounded shadow p-3&#8243;][vc_column_text css=&#8221;&#8221;] Ob es sich um eine kurze Auszeit vom Alltag handelt oder um einen l\u00e4ngeren Aufenthalt, um in die Natur einzutauchen, wir finden immer die perfekte L\u00f6sung f\u00fcr Sie. Es [&hellip;]<\/p>\n","protected":false},"author":1,"featured_media":3403,"parent":0,"menu_order":0,"comment_status":"closed","ping_status":"closed","template":"","meta":{"_acf_changed":false,"rs_blank_template":"","rs_page_bg_color":"","slide_template_v7":"","footnotes":""},"class_list":["post-1260","page","type-page","status-publish","has-post-thumbnail","hentry"],"acf":[],"yoast_head":"<!-- This site is optimized with the Yoast SEO plugin v27.5 - https:\/\/yoast.com\/product\/yoast-seo-wordpress\/ -->\n<title>Hotelangebote Ski in Ski out | Bio Alpine Hotel Gran Fod\u00e0<\/title>\n<meta name=\"description\" content=\"Finden Sie das perfekte Bio Angebot f\u00fcr Ihren Aufenthalt im Herzen der Dolomiten. Ski-in-Ski-out-Hotel am Kronplatz. | Alpine Hotel Gran Fod\u00e0\" \/>\n<meta name=\"robots\" content=\"index, follow, max-snippet:-1, max-image-preview:large, max-video-preview:-1\" \/>\n<link rel=\"canonical\" href=\"https:\/\/www.granfoda.it\/de\/angebote-und-pakete\/\" \/>\n<meta property=\"og:locale\" content=\"de_DE\" \/>\n<meta property=\"og:type\" content=\"article\" \/>\n<meta property=\"og:title\" content=\"Hotelangebote Ski in Ski out | Bio Alpine Hotel Gran Fod\u00e0\" \/>\n<meta property=\"og:description\" content=\"Finden Sie das perfekte Bio Angebot f\u00fcr Ihren Aufenthalt im Herzen der Dolomiten. Ski-in-Ski-out-Hotel am Kronplatz. | Alpine Hotel Gran Fod\u00e0\" \/>\n<meta property=\"og:url\" content=\"https:\/\/www.granfoda.it\/de\/angebote-und-pakete\/\" \/>\n<meta property=\"og:site_name\" content=\"Bio Alpine Hotel Gran Fod\u00e0\" \/>\n<meta property=\"article:publisher\" content=\"https:\/\/www.facebook.com\/HotelGranFoda\" \/>\n<meta property=\"article:modified_time\" content=\"2026-03-23T09:49:42+00:00\" \/>\n<meta property=\"og:image\" content=\"https:\/\/www.granfoda.it\/wp-content\/uploads\/2025\/03\/Paesaggio_GF_05.jpg\" \/>\n\t<meta property=\"og:image:width\" content=\"1920\" \/>\n\t<meta property=\"og:image:height\" content=\"1280\" \/>\n\t<meta property=\"og:image:type\" content=\"image\/jpeg\" \/>\n<meta name=\"twitter:card\" content=\"summary_large_image\" \/>\n<meta name=\"twitter:label1\" content=\"Gesch\u00e4tzte Lesezeit\" \/>\n\t<meta name=\"twitter:data1\" content=\"2\u00a0Minuten\" \/>\n<!-- \/ Yoast SEO plugin. -->","yoast_head_json":{"title":"Hotelangebote Ski in Ski out | Bio Alpine Hotel Gran Fod\u00e0","description":"Finden Sie das perfekte Bio Angebot f\u00fcr Ihren Aufenthalt im Herzen der Dolomiten. Ski-in-Ski-out-Hotel am Kronplatz. | Alpine Hotel Gran Fod\u00e0","robots":{"index":"index","follow":"follow","max-snippet":"max-snippet:-1","max-image-preview":"max-image-preview:large","max-video-preview":"max-video-preview:-1"},"canonical":"https:\/\/www.granfoda.it\/de\/angebote-und-pakete\/","og_locale":"de_DE","og_type":"article","og_title":"Hotelangebote Ski in Ski out | Bio Alpine Hotel Gran Fod\u00e0","og_description":"Finden Sie das perfekte Bio Angebot f\u00fcr Ihren Aufenthalt im Herzen der Dolomiten. Ski-in-Ski-out-Hotel am Kronplatz. | Alpine Hotel Gran Fod\u00e0","og_url":"https:\/\/www.granfoda.it\/de\/angebote-und-pakete\/","og_site_name":"Bio Alpine Hotel Gran Fod\u00e0","article_publisher":"https:\/\/www.facebook.com\/HotelGranFoda","article_modified_time":"2026-03-23T09:49:42+00:00","og_image":[{"width":1920,"height":1280,"url":"https:\/\/www.granfoda.it\/wp-content\/uploads\/2025\/03\/Paesaggio_GF_05.jpg","type":"image\/jpeg"}],"twitter_card":"summary_large_image","twitter_misc":{"Gesch\u00e4tzte Lesezeit":"2\u00a0Minuten"},"schema":{"@context":"https:\/\/schema.org","@graph":[{"@type":"WebPage","@id":"https:\/\/www.granfoda.it\/de\/angebote-und-pakete\/","url":"https:\/\/www.granfoda.it\/de\/angebote-und-pakete\/","name":"Hotelangebote Ski in Ski out | Bio Alpine Hotel Gran Fod\u00e0","isPartOf":{"@id":"https:\/\/www.granfoda.it\/de\/#website"},"primaryImageOfPage":{"@id":"https:\/\/www.granfoda.it\/de\/angebote-und-pakete\/#primaryimage"},"image":{"@id":"https:\/\/www.granfoda.it\/de\/angebote-und-pakete\/#primaryimage"},"thumbnailUrl":"https:\/\/www.granfoda.it\/wp-content\/uploads\/2025\/03\/Paesaggio_GF_05.jpg","datePublished":"2024-04-29T14:29:45+00:00","dateModified":"2026-03-23T09:49:42+00:00","description":"Finden Sie das perfekte Bio Angebot f\u00fcr Ihren Aufenthalt im Herzen der Dolomiten. Ski-in-Ski-out-Hotel am Kronplatz. | Alpine Hotel Gran Fod\u00e0","breadcrumb":{"@id":"https:\/\/www.granfoda.it\/de\/angebote-und-pakete\/#breadcrumb"},"inLanguage":"de","potentialAction":[{"@type":"ReadAction","target":["https:\/\/www.granfoda.it\/de\/angebote-und-pakete\/"]}]},{"@type":"ImageObject","inLanguage":"de","@id":"https:\/\/www.granfoda.it\/de\/angebote-und-pakete\/#primaryimage","url":"https:\/\/www.granfoda.it\/wp-content\/uploads\/2025\/03\/Paesaggio_GF_05.jpg","contentUrl":"https:\/\/www.granfoda.it\/wp-content\/uploads\/2025\/03\/Paesaggio_GF_05.jpg","width":1920,"height":1280},{"@type":"BreadcrumbList","@id":"https:\/\/www.granfoda.it\/de\/angebote-und-pakete\/#breadcrumb","itemListElement":[{"@type":"ListItem","position":1,"name":"Home","item":"https:\/\/www.granfoda.it\/de\/"},{"@type":"ListItem","position":2,"name":"Exklusive Angebote"}]},{"@type":"WebSite","@id":"https:\/\/www.granfoda.it\/de\/#website","url":"https:\/\/www.granfoda.it\/de\/","name":"Alpine Hotel Gran Fod\u00e0","description":"La nostra casa ski in ski out a Plan de Corones","publisher":{"@id":"https:\/\/www.granfoda.it\/de\/#organization"},"alternateName":"Alpine Hotel Gran Fod\u00e0","potentialAction":[{"@type":"SearchAction","target":{"@type":"EntryPoint","urlTemplate":"https:\/\/www.granfoda.it\/de\/?s={search_term_string}"},"query-input":{"@type":"PropertyValueSpecification","valueRequired":true,"valueName":"search_term_string"}}],"inLanguage":"de"},{"@type":"Organization","@id":"https:\/\/www.granfoda.it\/de\/#organization","name":"Alpine Hotel Gran Fod\u00e0","url":"https:\/\/www.granfoda.it\/de\/","logo":{"@type":"ImageObject","inLanguage":"de","@id":"https:\/\/www.granfoda.it\/de\/#\/schema\/logo\/image\/","url":"https:\/\/www.granfoda.it\/wp-content\/uploads\/2024\/02\/alpine-hotel-gran-foda-logo-square.jpg","contentUrl":"https:\/\/www.granfoda.it\/wp-content\/uploads\/2024\/02\/alpine-hotel-gran-foda-logo-square.jpg","width":550,"height":550,"caption":"Alpine Hotel Gran Fod\u00e0"},"image":{"@id":"https:\/\/www.granfoda.it\/de\/#\/schema\/logo\/image\/"},"sameAs":["https:\/\/www.facebook.com\/HotelGranFoda","https:\/\/www.instagram.com\/alpinehotelgranfoda\/","https:\/\/www.youtube.com\/@GranFodaIta"]}]}},"_links":{"self":[{"href":"https:\/\/www.granfoda.it\/de\/wp-json\/wp\/v2\/pages\/1260","targetHints":{"allow":["GET"]}}],"collection":[{"href":"https:\/\/www.granfoda.it\/de\/wp-json\/wp\/v2\/pages"}],"about":[{"href":"https:\/\/www.granfoda.it\/de\/wp-json\/wp\/v2\/types\/page"}],"author":[{"embeddable":true,"href":"https:\/\/www.granfoda.it\/de\/wp-json\/wp\/v2\/users\/1"}],"replies":[{"embeddable":true,"href":"https:\/\/www.granfoda.it\/de\/wp-json\/wp\/v2\/comments?post=1260"}],"version-history":[{"count":29,"href":"https:\/\/www.granfoda.it\/de\/wp-json\/wp\/v2\/pages\/1260\/revisions"}],"predecessor-version":[{"id":9725,"href":"https:\/\/www.granfoda.it\/de\/wp-json\/wp\/v2\/pages\/1260\/revisions\/9725"}],"wp:featuredmedia":[{"embeddable":true,"href":"https:\/\/www.granfoda.it\/de\/wp-json\/wp\/v2\/media\/3403"}],"wp:attachment":[{"href":"https:\/\/www.granfoda.it\/de\/wp-json\/wp\/v2\/media?parent=1260"}],"curies":[{"name":"wp","href":"https:\/\/api.w.org\/{rel}","templated":true}]}}